{"id":307,"date":"2017-06-05T18:23:47","date_gmt":"2017-06-05T18:23:47","guid":{"rendered":"http:\/\/estudiovillano.com\/estudio\/?page_id=307"},"modified":"2020-04-10T10:36:47","modified_gmt":"2020-04-10T10:36:47","slug":"estudio-villano-abogados-recursos-publicaciones-articulos","status":"publish","type":"page","link":"https:\/\/estudiovillano.com\/estudio\/estudio-villano-abogados-recursos-publicaciones-articulos\/","title":{"rendered":"Publicaciones y Art\u00edculos"},"content":{"rendered":"<p>[et_pb_section bb_built=\u00bb1&#8243; custom_padding_last_edited=\u00bbon|desktop\u00bb _builder_version=\u00bb3.12.2&#8243; custom_padding=\u00bb5px|||\u00bb custom_padding_tablet=\u00bb50px|0|50px|0&#8243; custom_css_main_element=\u00bbborder-bottom: 2px solid #666;||padding: 0;\u00bb transparent_background=\u00bboff\u00bb next_background_color=\u00bb#dddddd\u00bb global_module=\u00bb663&#8243;][et_pb_row global_parent=\u00bb663&#8243; make_fullwidth=\u00bbon\u00bb use_custom_gutter=\u00bbon\u00bb gutter_width=\u00bb1&#8243; custom_padding=\u00bb0px|||\u00bb column_padding_mobile=\u00bbon\u00bb parallax_method_1=\u00bboff\u00bb parallax_method_2=\u00bboff\u00bb parallax_method_3=\u00bboff\u00bb _builder_version=\u00bb3.12.2&#8243; background_size=\u00bbinitial\u00bb background_position=\u00bbtop_left\u00bb background_repeat=\u00bbrepeat\u00bb custom_css_main_element=\u00bbborder-bottom: 3px solid #8E9D66;||padding: 0;\u00bb][et_pb_column type=\u00bb1_3&#8243;][et_pb_image global_parent=\u00bb663&#8243; src=\u00bbhttp:\/\/estudiovillano.com\/estudio\/wp-content\/uploads\/2017\/01\/encabezado-logo-martindale.jpg\u00bb url=\u00bbhttp:\/\/www.martindale.com\/\u00bb url_new_window=\u00bbon\u00bb show_bottom_space=\u00bboff\u00bb align=\u00bbcenter\u00bb _builder_version=\u00bb3.0.87&#8243; animation_style=\u00bbslide\u00bb animation_direction=\u00bbbottom\u00bb animation_duration=\u00bb500ms\u00bb animation_intensity_slide=\u00bb10%\u00bb use_border_color=\u00bboff\u00bb border_color=\u00bb#ffffff\u00bb border_style=\u00bbsolid\u00bb animation=\u00bbbottom\u00bb sticky=\u00bbon\u00bb]<\/p>\n<p>&nbsp;<\/p>\n<p>[\/et_pb_image][\/et_pb_column][et_pb_column type=\u00bb1_3&#8243;][et_pb_image global_parent=\u00bb663&#8243; src=\u00bbhttp:\/\/estudiovillano.com\/estudio\/wp-content\/uploads\/2017\/01\/encabezado-logo-globalipattorneys.jpg\u00bb url=\u00bbhttp:\/\/www.globalipattorneys.com\/\u00bb url_new_window=\u00bbon\u00bb show_bottom_space=\u00bboff\u00bb align=\u00bbcenter\u00bb _builder_version=\u00bb3.12.2&#8243; animation_style=\u00bbslide\u00bb animation_direction=\u00bbbottom\u00bb animation_duration=\u00bb500ms\u00bb animation_intensity_slide=\u00bb10%\u00bb use_border_color=\u00bboff\u00bb border_color=\u00bb#ffffff\u00bb border_style=\u00bbsolid\u00bb animation=\u00bbbottom\u00bb sticky=\u00bbon\u00bb]<\/p>\n<p>&nbsp;<\/p>\n<p>[\/et_pb_image][\/et_pb_column][et_pb_column type=\u00bb1_3&#8243;][et_pb_image global_parent=\u00bb663&#8243; src=\u00bbhttp:\/\/estudiovillano.com\/estudio\/wp-content\/uploads\/2020\/02\/smd-country-index2.jpg\u00bb url=\u00bbhttps:\/\/www.country-index.com\/\u00bb url_new_window=\u00bbon\u00bb show_bottom_space=\u00bboff\u00bb align=\u00bbcenter\u00bb _builder_version=\u00bb3.12.2&#8243; animation_style=\u00bbslide\u00bb animation_direction=\u00bbbottom\u00bb animation_duration=\u00bb500ms\u00bb animation_intensity_slide=\u00bb10%\u00bb use_border_color=\u00bboff\u00bb border_color=\u00bb#ffffff\u00bb border_style=\u00bbsolid\u00bb animation=\u00bbbottom\u00bb sticky=\u00bbon\u00bb]<\/p>\n<p>&nbsp;<\/p>\n<p>[\/et_pb_image][\/et_pb_column][\/et_pb_row][et_pb_row global_parent=\u00bb663&#8243; custom_padding=\u00bb15px||0px|\u00bb _builder_version=\u00bb3.12.2&#8243; background_size=\u00bbinitial\u00bb background_position=\u00bbtop_left\u00bb background_repeat=\u00bbrepeat\u00bb][et_pb_column type=\u00bb4_4&#8243;][et_pb_text global_parent=\u00bb663&#8243; _builder_version=\u00bb3.12.2&#8243; text_font=\u00bb||||||||\u00bb text_text_color=\u00bb#c6241b\u00bb text_font_size=\u00bb16px\u00bb text_orientation=\u00bbcenter\u00bb]<\/p>\n<p><strong>CORONAVIRUS &#8211; NORMATIVA ARGENTINA E INTERNACIONAL<\/strong><\/p>\n<p>[\/et_pb_text][\/et_pb_column][\/et_pb_row][et_pb_row global_parent=\u00bb663&#8243; custom_padding=\u00bb15px||20px|\u00bb _builder_version=\u00bb3.12.2&#8243; background_size=\u00bbinitial\u00bb background_position=\u00bbtop_left\u00bb background_repeat=\u00bbrepeat\u00bb][et_pb_column type=\u00bb1_2&#8243;][et_pb_button global_parent=\u00bb663&#8243; button_url=\u00bb\/estudio\/coronavirus-medidas-adoptadas-en-argentina\/\u00bb button_text=\u00bbMEDIDAS DICTADAS EN ARGENTINA\u00bb button_alignment=\u00bbright\u00bb _builder_version=\u00bb3.12.2&#8243; custom_button=\u00bbon\u00bb button_text_size=\u00bb15px\u00bb button_text_color=\u00bb#ffffff\u00bb button_bg_color=\u00bb#c6241b\u00bb button_border_width=\u00bb0px\u00bb button_border_radius=\u00bb10px\u00bb button_font=\u00bb|600|||||||\u00bb button_use_icon=\u00bboff\u00bb custom_margin=\u00bb|||\u00bb custom_padding=\u00bb|||\u00bb \/][\/et_pb_column][et_pb_column type=\u00bb1_2&#8243;][et_pb_button global_parent=\u00bb663&#8243; button_url=\u00bb\/estudio\/coronavirus-medidas-adoptadas-en-otros-paises\/\u00bb button_text=\u00bbMEDIDAS DICTADAS EN OTROS PA\u00cdSES\u00bb button_alignment=\u00bbleft\u00bb _builder_version=\u00bb3.12.2&#8243; custom_button=\u00bbon\u00bb button_text_size=\u00bb15px\u00bb button_text_color=\u00bb#ffffff\u00bb button_bg_color=\u00bb#c6241b\u00bb button_border_width=\u00bb0px\u00bb button_border_radius=\u00bb10px\u00bb button_font=\u00bb|600|||||||\u00bb button_use_icon=\u00bboff\u00bb custom_margin=\u00bb|||\u00bb custom_padding=\u00bb|||\u00bb \/][\/et_pb_column][\/et_pb_row][\/et_pb_section][et_pb_section bb_built=\u00bb1&#8243; admin_label=\u00bbsection\u00bb custom_padding_last_edited=\u00bbon|desktop\u00bb _builder_version=\u00bb3.12.2&#8243; background_color=\u00bb#dddddd\u00bb custom_margin=\u00bb0px|||\u00bb custom_padding=\u00bb0px|||\u00bb custom_padding_tablet=\u00bb50px|0|50px|0&#8243; transparent_background=\u00bboff\u00bb prev_background_color=\u00bb#ffffff\u00bb next_background_color=\u00bb#ffffff\u00bb][et_pb_row custom_padding=\u00bb0px|||\u00bb _builder_version=\u00bb3.12.2&#8243;][et_pb_column type=\u00bb4_4&#8243;][et_pb_text _builder_version=\u00bb3.12.2&#8243; background_size=\u00bbinitial\u00bb background_position=\u00bbtop_left\u00bb background_repeat=\u00bbrepeat\u00bb module_alignment=\u00bbcenter\u00bb custom_margin=\u00bb18px|||\u00bb use_border_color=\u00bboff\u00bb border_color=\u00bb#ffffff\u00bb border_style=\u00bbsolid\u00bb]<\/p>\n<p>Usted est\u00e1 en:\u00a0<strong>PUBLICACIONES Y ART\u00cdCULOS<\/strong><\/p>\n<p>[\/et_pb_text][\/et_pb_column][\/et_pb_row][et_pb_row make_equal=\u00bbon\u00bb custom_css_main_2=\u00bbmargin:auto\u00bb _builder_version=\u00bb3.12.2&#8243; background_size=\u00bbinitial\u00bb background_position=\u00bbtop_left\u00bb background_repeat=\u00bbrepeat\u00bb][et_pb_column type=\u00bb1_2&#8243;][et_pb_image src=\u00bbhttp:\/\/estudiovillano.com\/estudio\/wp-content\/uploads\/2017\/06\/estudio-villano-abogados-publicaciones-articulos.jpg\u00bb _builder_version=\u00bb3.0.87&#8243; animation_style=\u00bbslide\u00bb animation_direction=\u00bbleft\u00bb animation_duration=\u00bb500ms\u00bb animation_intensity_slide=\u00bb10%\u00bb use_border_color=\u00bboff\u00bb border_color=\u00bb#ffffff\u00bb border_style=\u00bbsolid\u00bb animation=\u00bbleft\u00bb sticky=\u00bboff\u00bb]<\/p>\n<p>&nbsp;<\/p>\n<p>[\/et_pb_image][\/et_pb_column][et_pb_column type=\u00bb1_2&#8243;][et_pb_text _builder_version=\u00bb3.0.87&#8243; background_size=\u00bbinitial\u00bb background_position=\u00bbtop_left\u00bb background_repeat=\u00bbrepeat\u00bb use_border_color=\u00bboff\u00bb border_color=\u00bb#ffffff\u00bb border_style=\u00bbsolid\u00bb]<\/p>\n<h2>Publicaciones y Art\u00edculos<\/h2>\n<p>[\/et_pb_text][\/et_pb_column][\/et_pb_row][\/et_pb_section][et_pb_section bb_built=\u00bb1&#8243; specialty=\u00bbon\u00bb _builder_version=\u00bb3.0.47&#8243; prev_background_color=\u00bb#dddddd\u00bb][et_pb_column type=\u00bb3_4&#8243; specialty_columns=\u00bb3&#8243;][et_pb_row_inner admin_label=\u00bbFila\u00bb _builder_version=\u00bb3.0.47&#8243; background_size=\u00bbinitial\u00bb background_position=\u00bbtop_left\u00bb background_repeat=\u00bbrepeat\u00bb][et_pb_column_inner type=\u00bb1_2&#8243; saved_specialty_column_type=\u00bb3_4&#8243;][et_pb_image src=\u00bbhttp:\/\/estudiovillano.com\/estudio\/wp-content\/uploads\/2019\/09\/articulo-registracion-marcas2.jpg\u00bb _builder_version=\u00bb3.12.2&#8243; animation_style=\u00bbslide\u00bb animation_direction=\u00bbleft\u00bb animation_duration=\u00bb500ms\u00bb animation_intensity_slide=\u00bb10%\u00bb use_border_color=\u00bboff\u00bb border_color=\u00bb#ffffff\u00bb border_style=\u00bbsolid\u00bb animation=\u00bbleft\u00bb sticky=\u00bboff\u00bb]<\/p>\n<p>&nbsp;<\/p>\n<p>[\/et_pb_image][\/et_pb_column_inner][et_pb_column_inner type=\u00bb1_2&#8243; saved_specialty_column_type=\u00bb3_4&#8243;][et_pb_text _builder_version=\u00bb3.12.2&#8243; background_size=\u00bbinitial\u00bb background_position=\u00bbtop_left\u00bb background_repeat=\u00bbrepeat\u00bb use_border_color=\u00bboff\u00bb header_4_line_height=\u00bb1.4em\u00bb header_font=\u00bb||||||||\u00bb header_4_font=\u00bb||||||||\u00bb]<\/p>\n<h4>COVID-19 and IP Developments in Argentina.\u00a0National Trademark an Patent Office Suspension of terms<\/h4>\n<p><em>Por el Dr. Julio C\u00e9sar Villano<\/em><\/p>\n<p>Art\u00edculo publicado por Estudio Villano en el portal\u00a0HG.org Legal Resources<\/p>\n<p>[\/et_pb_text][et_pb_blurb url=\u00bb\/archivos-estudio-villano-abogados\/environmental-law-in-argentina-flyer.pdf\u00bb url_new_window=\u00bbon\u00bb use_icon=\u00bbon\u00bb font_icon=\u00bb%%51%%\u00bb icon_color=\u00bb#039894&#8243; icon_placement=\u00bbleft\u00bb _builder_version=\u00bb3.12.2&#8243; background_size=\u00bbinitial\u00bb background_position=\u00bbtop_left\u00bb background_repeat=\u00bbrepeat\u00bb max_width_tablet=\u00bb50px\u00bb custom_margin=\u00bb||0px|\u00bb animation=\u00bboff\u00bb use_border_color=\u00bboff\u00bb]<\/p>\n<p><a href=\"https:\/\/www.hg.org\/legal-articles\/covid-19-and-ip-developments-in-argentina-55045\" target=\"_blank\" rel=\"noopener noreferrer\">VER ART\u00cdCULO<\/a><\/p>\n<p>[\/et_pb_blurb][\/et_pb_column_inner][\/et_pb_row_inner][et_pb_row_inner admin_label=\u00bbFila\u00bb _builder_version=\u00bb3.0.47&#8243; background_size=\u00bbinitial\u00bb background_position=\u00bbtop_left\u00bb background_repeat=\u00bbrepeat\u00bb][et_pb_column_inner type=\u00bb4_4&#8243; saved_specialty_column_type=\u00bb3_4&#8243;][et_pb_divider color=\u00bb#cccccc\u00bb disabled_on=\u00bbon|on|off\u00bb _builder_version=\u00bb3.2&#8243; hide_on_mobile=\u00bbon\u00bb]<\/p>\n<p>&nbsp;<\/p>\n<p>[\/et_pb_divider][\/et_pb_column_inner][\/et_pb_row_inner][et_pb_row_inner admin_label=\u00bbFila\u00bb _builder_version=\u00bb3.0.47&#8243; background_size=\u00bbinitial\u00bb background_position=\u00bbtop_left\u00bb background_repeat=\u00bbrepeat\u00bb][et_pb_column_inner type=\u00bb1_2&#8243; saved_specialty_column_type=\u00bb3_4&#8243;][et_pb_image src=\u00bbhttp:\/\/estudiovillano.com\/estudio\/wp-content\/uploads\/2020\/03\/articulo-x.jpg\u00bb _builder_version=\u00bb3.12.2&#8243; animation_style=\u00bbslide\u00bb animation_direction=\u00bbleft\u00bb animation_duration=\u00bb500ms\u00bb animation_intensity_slide=\u00bb10%\u00bb use_border_color=\u00bboff\u00bb border_color=\u00bb#ffffff\u00bb border_style=\u00bbsolid\u00bb animation=\u00bbleft\u00bb sticky=\u00bboff\u00bb]<\/p>\n<p>&nbsp;<\/p>\n<p>[\/et_pb_image][\/et_pb_column_inner][et_pb_column_inner type=\u00bb1_2&#8243; saved_specialty_column_type=\u00bb3_4&#8243;][et_pb_text _builder_version=\u00bb3.12.2&#8243; background_size=\u00bbinitial\u00bb background_position=\u00bbtop_left\u00bb background_repeat=\u00bbrepeat\u00bb use_border_color=\u00bboff\u00bb]<\/p>\n<h4>Trademark Registration in Argentina: Recent Legal Developments<\/h4>\n<p><em>Por el Dr. Julio C\u00e9sar Villano<\/em><\/p>\n<p>Art\u00edculo publicado por Estudio Villano en el portal\u00a0HG.org Legal Resources<\/p>\n<p>[\/et_pb_text][et_pb_blurb url=\u00bb\/archivos-estudio-villano-abogados\/environmental-law-in-argentina-flyer.pdf\u00bb url_new_window=\u00bbon\u00bb use_icon=\u00bbon\u00bb font_icon=\u00bb%%51%%\u00bb icon_color=\u00bb#039894&#8243; icon_placement=\u00bbleft\u00bb _builder_version=\u00bb3.12.2&#8243; background_size=\u00bbinitial\u00bb background_position=\u00bbtop_left\u00bb background_repeat=\u00bbrepeat\u00bb max_width_tablet=\u00bb50px\u00bb custom_margin=\u00bb||0px|\u00bb animation=\u00bboff\u00bb use_border_color=\u00bboff\u00bb]<\/p>\n<p><a href=\"https:\/\/www.hg.org\/legal-articles\/trademark-registration-in-argentina-recent-legal-developments-53134\" target=\"_blank\" rel=\"noopener noreferrer\">VER ART\u00cdCULO<\/a><\/p>\n<p>[\/et_pb_blurb][\/et_pb_column_inner][\/et_pb_row_inner][et_pb_row_inner admin_label=\u00bbFila\u00bb _builder_version=\u00bb3.0.47&#8243; background_size=\u00bbinitial\u00bb background_position=\u00bbtop_left\u00bb background_repeat=\u00bbrepeat\u00bb][et_pb_column_inner type=\u00bb4_4&#8243; saved_specialty_column_type=\u00bb3_4&#8243;][et_pb_divider color=\u00bb#cccccc\u00bb disabled_on=\u00bbon|on|off\u00bb _builder_version=\u00bb3.2&#8243; hide_on_mobile=\u00bbon\u00bb]<\/p>\n<p>&nbsp;<\/p>\n<p>[\/et_pb_divider][\/et_pb_column_inner][\/et_pb_row_inner][et_pb_row_inner admin_label=\u00bbFila\u00bb _builder_version=\u00bb3.0.47&#8243; background_size=\u00bbinitial\u00bb background_position=\u00bbtop_left\u00bb background_repeat=\u00bbrepeat\u00bb][et_pb_column_inner type=\u00bb1_2&#8243; saved_specialty_column_type=\u00bb3_4&#8243;][et_pb_image src=\u00bbhttp:\/\/estudiovillano.com\/estudio\/wp-content\/uploads\/2020\/03\/coronavirus.jpg\u00bb _builder_version=\u00bb3.12.2&#8243; animation_style=\u00bbslide\u00bb animation_direction=\u00bbleft\u00bb animation_duration=\u00bb500ms\u00bb animation_intensity_slide=\u00bb10%\u00bb use_border_color=\u00bboff\u00bb border_color=\u00bb#ffffff\u00bb border_style=\u00bbsolid\u00bb animation=\u00bbleft\u00bb sticky=\u00bboff\u00bb]<\/p>\n<p>&nbsp;<\/p>\n<p>[\/et_pb_image][\/et_pb_column_inner][et_pb_column_inner type=\u00bb1_2&#8243; saved_specialty_column_type=\u00bb3_4&#8243;][et_pb_text _builder_version=\u00bb3.12.2&#8243; background_size=\u00bbinitial\u00bb background_position=\u00bbtop_left\u00bb background_repeat=\u00bbrepeat\u00bb use_border_color=\u00bboff\u00bb]<\/p>\n<h4>Estudio Villano y COVID-19 \/ Secci\u00f3n Especial Dedicada a sus Regulaciones<\/h4>\n<p><em>Por el Dr. Julio C\u00e9sar Villano<\/em><\/p>\n<p>Art\u00edculo publicado por Estudio Villano en el portal\u00a0HG.org Legal Resources<\/p>\n<p>[\/et_pb_text][et_pb_blurb url=\u00bb\/archivos-estudio-villano-abogados\/environmental-law-in-argentina-flyer.pdf\u00bb url_new_window=\u00bbon\u00bb use_icon=\u00bbon\u00bb font_icon=\u00bb%%51%%\u00bb icon_color=\u00bb#039894&#8243; icon_placement=\u00bbleft\u00bb _builder_version=\u00bb3.12.2&#8243; background_size=\u00bbinitial\u00bb background_position=\u00bbtop_left\u00bb background_repeat=\u00bbrepeat\u00bb max_width_tablet=\u00bb50px\u00bb custom_margin=\u00bb||0px|\u00bb animation=\u00bboff\u00bb use_border_color=\u00bboff\u00bb]<\/p>\n<p><a href=\"https:\/\/www.hg.org\/legal-articles\/estudio-villano-and-covid-19-special-section-dedicated-to-its-regulations-55046\" target=\"_blank\" rel=\"noopener noreferrer\">VER ART\u00cdCULO<\/a><\/p>\n<p>[\/et_pb_blurb][\/et_pb_column_inner][\/et_pb_row_inner][et_pb_row_inner admin_label=\u00bbFila\u00bb _builder_version=\u00bb3.0.47&#8243; background_size=\u00bbinitial\u00bb background_position=\u00bbtop_left\u00bb background_repeat=\u00bbrepeat\u00bb][et_pb_column_inner type=\u00bb4_4&#8243; saved_specialty_column_type=\u00bb3_4&#8243;][et_pb_divider color=\u00bb#cccccc\u00bb disabled_on=\u00bbon|on|off\u00bb _builder_version=\u00bb3.2&#8243; hide_on_mobile=\u00bbon\u00bb]<\/p>\n<p>&nbsp;<\/p>\n<p>[\/et_pb_divider][\/et_pb_column_inner][\/et_pb_row_inner][et_pb_row_inner admin_label=\u00bbFila\u00bb _builder_version=\u00bb3.0.47&#8243; background_size=\u00bbinitial\u00bb background_position=\u00bbtop_left\u00bb background_repeat=\u00bbrepeat\u00bb][et_pb_column_inner type=\u00bb1_2&#8243; saved_specialty_column_type=\u00bb3_4&#8243;][et_pb_image src=\u00bbhttp:\/\/estudiovillano.com\/estudio\/wp-content\/uploads\/2019\/09\/articulo-registracion-marcas2.jpg\u00bb _builder_version=\u00bb3.12.2&#8243; animation_style=\u00bbslide\u00bb animation_direction=\u00bbleft\u00bb animation_duration=\u00bb500ms\u00bb animation_intensity_slide=\u00bb10%\u00bb use_border_color=\u00bboff\u00bb border_color=\u00bb#ffffff\u00bb border_style=\u00bbsolid\u00bb animation=\u00bbleft\u00bb sticky=\u00bboff\u00bb]<\/p>\n<p>&nbsp;<\/p>\n<p>[\/et_pb_image][\/et_pb_column_inner][et_pb_column_inner type=\u00bb1_2&#8243; saved_specialty_column_type=\u00bb3_4&#8243;][et_pb_text _builder_version=\u00bb3.12.2&#8243; background_size=\u00bbinitial\u00bb background_position=\u00bbtop_left\u00bb background_repeat=\u00bbrepeat\u00bb use_border_color=\u00bboff\u00bb]<\/p>\n<h4>2019 &#8211; Registro de Marca en Argentina.\u00a0Cambios en la legislaci\u00f3n vigente.<\/h4>\n<p><em>Por el Dr. Julio C\u00e9sar Villano<\/em><\/p>\n<p>Art\u00edculo publicado por Estudio Villano en el portal\u00a0HG.org Legal Resources<\/p>\n<p>[\/et_pb_text][et_pb_blurb url=\u00bb\/archivos-estudio-villano-abogados\/environmental-law-in-argentina-flyer.pdf\u00bb url_new_window=\u00bbon\u00bb use_icon=\u00bbon\u00bb font_icon=\u00bb%%51%%\u00bb icon_color=\u00bb#039894&#8243; icon_placement=\u00bbleft\u00bb _builder_version=\u00bb3.12.2&#8243; background_size=\u00bbinitial\u00bb background_position=\u00bbtop_left\u00bb background_repeat=\u00bbrepeat\u00bb max_width_tablet=\u00bb50px\u00bb custom_margin=\u00bb||0px|\u00bb animation=\u00bboff\u00bb use_border_color=\u00bboff\u00bb]<\/p>\n<p><a href=\"https:\/\/www.hg.org\/legal-articles\/trademark-registration-in-argentina-recent-legal-developments-53134\" target=\"_blank\" rel=\"noopener\">VER ART\u00cdCULO<\/a><\/p>\n<p>[\/et_pb_blurb][\/et_pb_column_inner][\/et_pb_row_inner][et_pb_row_inner admin_label=\u00bbFila\u00bb _builder_version=\u00bb3.0.47&#8243; background_size=\u00bbinitial\u00bb background_position=\u00bbtop_left\u00bb background_repeat=\u00bbrepeat\u00bb][et_pb_column_inner type=\u00bb4_4&#8243; saved_specialty_column_type=\u00bb3_4&#8243;][et_pb_divider color=\u00bb#cccccc\u00bb disabled_on=\u00bbon|on|off\u00bb _builder_version=\u00bb3.2&#8243; hide_on_mobile=\u00bbon\u00bb]<\/p>\n<p>&nbsp;<\/p>\n<p>[\/et_pb_divider][\/et_pb_column_inner][\/et_pb_row_inner][et_pb_row_inner admin_label=\u00bbFila\u00bb _builder_version=\u00bb3.0.47&#8243; background_size=\u00bbinitial\u00bb background_position=\u00bbtop_left\u00bb background_repeat=\u00bbrepeat\u00bb][et_pb_column_inner type=\u00bb1_2&#8243; saved_specialty_column_type=\u00bb3_4&#8243;][et_pb_image src=\u00bbhttp:\/\/estudiovillano.com\/estudio\/wp-content\/uploads\/2017\/06\/publicaciones-libro-environmental-law.jpg\u00bb _builder_version=\u00bb3.0.87&#8243; animation_style=\u00bbslide\u00bb animation_direction=\u00bbleft\u00bb animation_duration=\u00bb500ms\u00bb animation_intensity_slide=\u00bb10%\u00bb use_border_color=\u00bboff\u00bb border_color=\u00bb#ffffff\u00bb border_style=\u00bbsolid\u00bb animation=\u00bbleft\u00bb sticky=\u00bboff\u00bb]<\/p>\n<p>&nbsp;<\/p>\n<p>[\/et_pb_image][\/et_pb_column_inner][et_pb_column_inner type=\u00bb1_2&#8243; saved_specialty_column_type=\u00bb3_4&#8243;][et_pb_text _builder_version=\u00bb3.0.87&#8243; background_size=\u00bbinitial\u00bb background_position=\u00bbtop_left\u00bb background_repeat=\u00bbrepeat\u00bb use_border_color=\u00bboff\u00bb border_color=\u00bb#ffffff\u00bb border_style=\u00bbsolid\u00bb]<\/p>\n<h4>2012 &#8211; Libro Environmental Law in Argentina<\/h4>\n<p><em>Por el Dr. Julio C\u00e9sar Villano<\/em><br \/>\nLa prestigiosa editorial <strong>WOLTERS KLUWER LAW &amp; BUSINESS<\/strong> (The Netherlands) acaba de publicar el libro -en ingl\u00e9s- del Dr. Julio C\u00e9sar Villano titulado \u00abEnvironmental Law in Argentina\u00bb.<\/p>\n<p>[\/et_pb_text][et_pb_blurb url=\u00bb\/archivos-estudio-villano-abogados\/environmental-law-in-argentina-flyer.pdf\u00bb url_new_window=\u00bbon\u00bb use_icon=\u00bbon\u00bb font_icon=\u00bb%%51%%\u00bb icon_color=\u00bb#039894&#8243; icon_placement=\u00bbleft\u00bb _builder_version=\u00bb3.0.87&#8243; background_size=\u00bbinitial\u00bb background_position=\u00bbtop_left\u00bb background_repeat=\u00bbrepeat\u00bb custom_margin=\u00bb||0px|\u00bb animation=\u00bboff\u00bb use_border_color=\u00bboff\u00bb border_color=\u00bb#ffffff\u00bb border_style=\u00bbsolid\u00bb]<\/p>\n<p><a href=\"\/archivos-estudio-villano-abogados\/environmental-law-in-argentina-flyer.pdf\" target=\"_blank\" rel=\"noopener\">VER FLYER Y CONTENIDOS<\/a><\/p>\n<p>[\/et_pb_blurb][\/et_pb_column_inner][\/et_pb_row_inner][et_pb_row_inner admin_label=\u00bbFila\u00bb _builder_version=\u00bb3.0.47&#8243; background_size=\u00bbinitial\u00bb background_position=\u00bbtop_left\u00bb background_repeat=\u00bbrepeat\u00bb][et_pb_column_inner type=\u00bb4_4&#8243; saved_specialty_column_type=\u00bb3_4&#8243;][et_pb_divider color=\u00bb#cccccc\u00bb disabled_on=\u00bbon|on|off\u00bb _builder_version=\u00bb3.2&#8243; hide_on_mobile=\u00bbon\u00bb]<\/p>\n<p>&nbsp;<\/p>\n<p>[\/et_pb_divider][\/et_pb_column_inner][\/et_pb_row_inner][et_pb_row_inner admin_label=\u00bbFila\u00bb _builder_version=\u00bb3.0.47&#8243; background_size=\u00bbinitial\u00bb background_position=\u00bbtop_left\u00bb background_repeat=\u00bbrepeat\u00bb][et_pb_column_inner type=\u00bb1_2&#8243; saved_specialty_column_type=\u00bb3_4&#8243;][et_pb_image src=\u00bbhttp:\/\/estudiovillano.com\/estudio\/wp-content\/uploads\/2017\/06\/publicacion-corp-couns-guide.jpg\u00bb _builder_version=\u00bb3.0.87&#8243; animation_style=\u00bbslide\u00bb animation_direction=\u00bbleft\u00bb animation_duration=\u00bb500ms\u00bb animation_intensity_slide=\u00bb10%\u00bb use_border_color=\u00bboff\u00bb border_color=\u00bb#ffffff\u00bb border_style=\u00bbsolid\u00bb animation=\u00bbleft\u00bb sticky=\u00bboff\u00bb]<\/p>\n<p>&nbsp;<\/p>\n<p>[\/et_pb_image][\/et_pb_column_inner][et_pb_column_inner type=\u00bb1_2&#8243; saved_specialty_column_type=\u00bb3_4&#8243;][et_pb_text _builder_version=\u00bb3.0.87&#8243; background_size=\u00bbinitial\u00bb background_position=\u00bbtop_left\u00bb background_repeat=\u00bbrepeat\u00bb use_border_color=\u00bboff\u00bb border_color=\u00bb#ffffff\u00bb border_style=\u00bbsolid\u00bb]<\/p>\n<h4>2012 &#8211; Publicaci\u00f3n del Dr. Julio C\u00e9sar Villano en Corporate Counsel IP Guide 2012<\/h4>\n<p>[\/et_pb_text][et_pb_blurb url=\u00bb\/archivos-estudio-villano-abogados\/corp-couns-IPguide2012.pdf\u00bb url_new_window=\u00bbon\u00bb use_icon=\u00bbon\u00bb font_icon=\u00bb%%51%%\u00bb icon_color=\u00bb#039894&#8243; icon_placement=\u00bbleft\u00bb _builder_version=\u00bb3.0.87&#8243; background_size=\u00bbinitial\u00bb background_position=\u00bbtop_left\u00bb background_repeat=\u00bbrepeat\u00bb custom_margin=\u00bb||0px|\u00bb animation=\u00bboff\u00bb use_border_color=\u00bboff\u00bb border_color=\u00bb#ffffff\u00bb border_style=\u00bbsolid\u00bb]<\/p>\n<p><a href=\"\/archivos-estudio-villano-abogados\/corp-couns-IPguide2012.pdf\" target=\"_blank\" rel=\"noopener\">VER PUBLICACI\u00d3N<\/a><\/p>\n<p>[\/et_pb_blurb][\/et_pb_column_inner][\/et_pb_row_inner][et_pb_row_inner admin_label=\u00bbFila\u00bb _builder_version=\u00bb3.0.47&#8243; background_size=\u00bbinitial\u00bb background_position=\u00bbtop_left\u00bb background_repeat=\u00bbrepeat\u00bb][et_pb_column_inner type=\u00bb4_4&#8243; saved_specialty_column_type=\u00bb3_4&#8243;][et_pb_divider color=\u00bb#cccccc\u00bb disabled_on=\u00bbon|on|off\u00bb _builder_version=\u00bb3.2&#8243; hide_on_mobile=\u00bbon\u00bb]<\/p>\n<p>&nbsp;<\/p>\n<p>[\/et_pb_divider][\/et_pb_column_inner][\/et_pb_row_inner][et_pb_row_inner admin_label=\u00bbFila\u00bb _builder_version=\u00bb3.0.47&#8243; background_size=\u00bbinitial\u00bb background_position=\u00bbtop_left\u00bb background_repeat=\u00bbrepeat\u00bb][et_pb_column_inner type=\u00bb1_2&#8243; saved_specialty_column_type=\u00bb3_4&#8243;][et_pb_image src=\u00bbhttp:\/\/estudiovillano.com\/estudio\/wp-content\/uploads\/2017\/06\/publicaciones-gle-2011.jpg\u00bb _builder_version=\u00bb3.0.87&#8243; animation_style=\u00bbslide\u00bb animation_direction=\u00bbleft\u00bb animation_duration=\u00bb500ms\u00bb animation_intensity_slide=\u00bb10%\u00bb use_border_color=\u00bboff\u00bb border_color=\u00bb#ffffff\u00bb border_style=\u00bbsolid\u00bb animation=\u00bbleft\u00bb sticky=\u00bboff\u00bb]<\/p>\n<p>&nbsp;<\/p>\n<p>[\/et_pb_image][\/et_pb_column_inner][et_pb_column_inner type=\u00bb1_2&#8243; saved_specialty_column_type=\u00bb3_4&#8243;][et_pb_text _builder_version=\u00bb3.0.87&#8243; background_size=\u00bbinitial\u00bb background_position=\u00bbtop_left\u00bb background_repeat=\u00bbrepeat\u00bb use_border_color=\u00bboff\u00bb border_color=\u00bb#ffffff\u00bb border_style=\u00bbsolid\u00bb]<\/p>\n<h4>2011 &#8211; Premio Law Firm of the Year<\/h4>\n<p>Estudio Villano gan\u00f3 el Premio Corporate Counsel Award \u00abTrademark Law Firm of the Year &#8211; Argentina 2011&#8243; otorgado por la revista Corporate Counsel.<\/p>\n<p>[\/et_pb_text][et_pb_blurb url=\u00bb\/archivos-estudio-villano-abogados\/GLE2011-law-firm.pdf\u00bb url_new_window=\u00bbon\u00bb use_icon=\u00bbon\u00bb font_icon=\u00bb%%51%%\u00bb icon_color=\u00bb#039894&#8243; icon_placement=\u00bbleft\u00bb _builder_version=\u00bb3.0.87&#8243; background_size=\u00bbinitial\u00bb background_position=\u00bbtop_left\u00bb background_repeat=\u00bbrepeat\u00bb custom_margin=\u00bb||0px|\u00bb animation=\u00bboff\u00bb use_border_color=\u00bboff\u00bb border_color=\u00bb#ffffff\u00bb border_style=\u00bbsolid\u00bb]<\/p>\n<p><a href=\"\/archivos-estudio-villano-abogados\/GLE2011-law-firm.pdf\" target=\"_blank\" rel=\"noopener\">VER PUBLICACI\u00d3N<\/a><\/p>\n<p>[\/et_pb_blurb][\/et_pb_column_inner][\/et_pb_row_inner][et_pb_row_inner admin_label=\u00bbFila\u00bb _builder_version=\u00bb3.0.47&#8243; background_size=\u00bbinitial\u00bb background_position=\u00bbtop_left\u00bb background_repeat=\u00bbrepeat\u00bb][et_pb_column_inner type=\u00bb4_4&#8243; saved_specialty_column_type=\u00bb3_4&#8243;][et_pb_divider color=\u00bb#cccccc\u00bb disabled_on=\u00bbon|on|off\u00bb _builder_version=\u00bb3.2&#8243; hide_on_mobile=\u00bbon\u00bb]<\/p>\n<p>&nbsp;<\/p>\n<p>[\/et_pb_divider][\/et_pb_column_inner][\/et_pb_row_inner][et_pb_row_inner admin_label=\u00bbFila\u00bb _builder_version=\u00bb3.0.47&#8243; background_size=\u00bbinitial\u00bb background_position=\u00bbtop_left\u00bb background_repeat=\u00bbrepeat\u00bb][et_pb_column_inner type=\u00bb1_2&#8243; saved_specialty_column_type=\u00bb3_4&#8243;][et_pb_image src=\u00bbhttp:\/\/estudiovillano.com\/estudio\/wp-content\/uploads\/2017\/06\/publicaciones-portada-trademarks2010.jpg\u00bb _builder_version=\u00bb3.0.87&#8243; animation_style=\u00bbslide\u00bb animation_direction=\u00bbleft\u00bb animation_duration=\u00bb500ms\u00bb animation_intensity_slide=\u00bb10%\u00bb use_border_color=\u00bboff\u00bb border_color=\u00bb#ffffff\u00bb border_style=\u00bbsolid\u00bb animation=\u00bbleft\u00bb sticky=\u00bboff\u00bb]<\/p>\n<p>&nbsp;<\/p>\n<p>[\/et_pb_image][\/et_pb_column_inner][et_pb_column_inner type=\u00bb1_2&#8243; saved_specialty_column_type=\u00bb3_4&#8243;][et_pb_text _builder_version=\u00bb3.0.87&#8243; background_size=\u00bbinitial\u00bb background_position=\u00bbtop_left\u00bb background_repeat=\u00bbrepeat\u00bb use_border_color=\u00bboff\u00bb border_color=\u00bb#ffffff\u00bb border_style=\u00bbsolid\u00bb]<\/p>\n<h4>2011 &#8211; Publicaci\u00f3n en el libro Getting the Deal Through<\/h4>\n<p>El Dr. Julio Cesar Villano ha escrito en idioma ingl\u00e9s el cap\u00edtulo sobre Marcas en Argentina 2011, en el libro <strong>Getting the Deal Through<\/strong> publicado en Londres por Law Business Research Ltd. Contributing Editors Stuart Sinder and Michele Marsino Marsh, Kenyon &amp; Kenyon LLP. El libro fue distribu\u00eddo en la \u00faltima Conferencia de la Uni\u00f3n Internacional de Abogados de Estambul (Turqu\u00eda) en 2010.<\/p>\n<p>[\/et_pb_text][et_pb_blurb url=\u00bb\/archivos-estudio-villano-abogados\/julio-villano-trademarks2011-contenidos.pdf\u00bb url_new_window=\u00bbon\u00bb use_icon=\u00bbon\u00bb font_icon=\u00bb%%51%%\u00bb icon_color=\u00bb#039894&#8243; icon_placement=\u00bbleft\u00bb _builder_version=\u00bb3.0.87&#8243; background_size=\u00bbinitial\u00bb background_position=\u00bbtop_left\u00bb background_repeat=\u00bbrepeat\u00bb custom_margin=\u00bb||0px|\u00bb animation=\u00bboff\u00bb use_border_color=\u00bboff\u00bb border_color=\u00bb#ffffff\u00bb border_style=\u00bbsolid\u00bb]<\/p>\n<p><a href=\"\/archivos-estudio-villano-abogados\/julio-villano-trademarks2011-contenidos.pdf\" target=\"_blank\" rel=\"noopener\">VER PORTADA Y CONTENIDOS<\/a><\/p>\n<p>[\/et_pb_blurb][\/et_pb_column_inner][\/et_pb_row_inner][et_pb_row_inner admin_label=\u00bbFila\u00bb _builder_version=\u00bb3.0.47&#8243; background_size=\u00bbinitial\u00bb background_position=\u00bbtop_left\u00bb background_repeat=\u00bbrepeat\u00bb][et_pb_column_inner type=\u00bb4_4&#8243; saved_specialty_column_type=\u00bb3_4&#8243;][et_pb_divider color=\u00bb#cccccc\u00bb disabled_on=\u00bbon|on|off\u00bb _builder_version=\u00bb3.2&#8243; hide_on_mobile=\u00bbon\u00bb]<\/p>\n<p>&nbsp;<\/p>\n<p>[\/et_pb_divider][\/et_pb_column_inner][\/et_pb_row_inner][et_pb_row_inner admin_label=\u00bbFila\u00bb _builder_version=\u00bb3.0.47&#8243; background_size=\u00bbinitial\u00bb background_position=\u00bbtop_left\u00bb background_repeat=\u00bbrepeat\u00bb][et_pb_column_inner type=\u00bb1_2&#8243; saved_specialty_column_type=\u00bb3_4&#8243;][et_pb_image src=\u00bbhttp:\/\/estudiovillano.com\/estudio\/wp-content\/uploads\/2017\/06\/publicaciones-arte-derecho.jpg\u00bb _builder_version=\u00bb3.0.87&#8243; animation_style=\u00bbslide\u00bb animation_direction=\u00bbleft\u00bb animation_duration=\u00bb500ms\u00bb animation_intensity_slide=\u00bb10%\u00bb use_border_color=\u00bboff\u00bb border_color=\u00bb#ffffff\u00bb border_style=\u00bbsolid\u00bb animation=\u00bbleft\u00bb sticky=\u00bboff\u00bb]<\/p>\n<p>&nbsp;<\/p>\n<p>[\/et_pb_image][\/et_pb_column_inner][et_pb_column_inner type=\u00bb1_2&#8243; saved_specialty_column_type=\u00bb3_4&#8243;][et_pb_text _builder_version=\u00bb3.0.87&#8243; background_size=\u00bbinitial\u00bb background_position=\u00bbtop_left\u00bb background_repeat=\u00bbrepeat\u00bb use_border_color=\u00bboff\u00bb border_color=\u00bb#ffffff\u00bb border_style=\u00bbsolid\u00bb]<\/p>\n<h4>2010 &#8211; Conferencia \/ Taller<\/h4>\n<p>Por el Dr. Julio C\u00e9sar Villano en la Escuela de Bellas Artes Carlos Morel de Quilmes sobre \u00abArte y Derecho &#8211; Regimen Legal de la Propiedad Intelectual\u00bb<\/p>\n<p>[\/et_pb_text][et_pb_blurb url=\u00bb\/archivos-estudio-villano-abogados\/arte-y-derecho-100830.ppt\u00bb url_new_window=\u00bbon\u00bb use_icon=\u00bbon\u00bb font_icon=\u00bb%%51%%\u00bb icon_color=\u00bb#039894&#8243; icon_placement=\u00bbleft\u00bb _builder_version=\u00bb3.0.87&#8243; background_size=\u00bbinitial\u00bb background_position=\u00bbtop_left\u00bb background_repeat=\u00bbrepeat\u00bb custom_margin=\u00bb||0px|\u00bb animation=\u00bboff\u00bb use_border_color=\u00bboff\u00bb border_color=\u00bb#ffffff\u00bb border_style=\u00bbsolid\u00bb]<\/p>\n<p><a href=\"\/archivos-estudio-villano-abogados\/arte-y-derecho-100830.ppt\" target=\"_blank\" rel=\"noopener\">VER PRESENTACI\u00d3N<\/a><\/p>\n<p>[\/et_pb_blurb][\/et_pb_column_inner][\/et_pb_row_inner][et_pb_row_inner admin_label=\u00bbFila\u00bb _builder_version=\u00bb3.0.47&#8243; background_size=\u00bbinitial\u00bb background_position=\u00bbtop_left\u00bb background_repeat=\u00bbrepeat\u00bb][et_pb_column_inner type=\u00bb4_4&#8243; saved_specialty_column_type=\u00bb3_4&#8243;][et_pb_divider color=\u00bb#cccccc\u00bb disabled_on=\u00bbon|on|off\u00bb _builder_version=\u00bb3.2&#8243; hide_on_mobile=\u00bbon\u00bb]<\/p>\n<p>&nbsp;<\/p>\n<p>[\/et_pb_divider][\/et_pb_column_inner][\/et_pb_row_inner][et_pb_row_inner admin_label=\u00bbFila\u00bb custom_padding=\u00bb||0px|\u00bb padding_mobile=\u00bboff\u00bb column_padding_mobile=\u00bbon\u00bb parallax_method_1=\u00bboff\u00bb _builder_version=\u00bb3.0.47&#8243;][et_pb_column_inner type=\u00bb4_4&#8243; saved_specialty_column_type=\u00bb3_4&#8243;][et_pb_text _builder_version=\u00bb3.0.87&#8243; background_size=\u00bbinitial\u00bb background_position=\u00bbtop_left\u00bb background_repeat=\u00bbrepeat\u00bb use_border_color=\u00bboff\u00bb border_color=\u00bb#ffffff\u00bb border_style=\u00bbsolid\u00bb]<\/p>\n<h4>Seguridad y Protecci\u00f3n Mar\u00edtimas, Responsabilidad.<\/h4>\n<p>Disertaci\u00f3n del Dr. Julio C\u00e9sar Villano en el Seminario sobre Derecho del Mar.<br \/>\nInstituto Universitario Naval, Armada Argentina, Noviembre 05 de 2009.<\/p>\n<p>[\/et_pb_text][\/et_pb_column_inner][\/et_pb_row_inner][et_pb_row_inner admin_label=\u00bbFila\u00bb custom_padding=\u00bb||0px|\u00bb padding_mobile=\u00bboff\u00bb column_padding_mobile=\u00bbon\u00bb parallax_method_1=\u00bboff\u00bb parallax_method_2=\u00bboff\u00bb parallax_method_3=\u00bboff\u00bb _builder_version=\u00bb3.0.47&#8243;][et_pb_column_inner type=\u00bb1_3&#8243; saved_specialty_column_type=\u00bb3_4&#8243;][et_pb_blurb url=\u00bb\/archivos-estudio-villano-abogados\/disert-Dr-Villano-091105.ppt\u00bb url_new_window=\u00bbon\u00bb use_icon=\u00bbon\u00bb font_icon=\u00bb%%51%%\u00bb icon_color=\u00bb#039894&#8243; icon_placement=\u00bbleft\u00bb _builder_version=\u00bb3.0.87&#8243; background_size=\u00bbinitial\u00bb background_position=\u00bbtop_left\u00bb background_repeat=\u00bbrepeat\u00bb custom_margin=\u00bb||0px|\u00bb animation=\u00bboff\u00bb use_border_color=\u00bboff\u00bb border_color=\u00bb#ffffff\u00bb border_style=\u00bbsolid\u00bb]<\/p>\n<p><a href=\"\/archivos-estudio-villano-abogados\/disert-Dr-Villano-091105.ppt\" target=\"_blank\" rel=\"noopener\">VER PPT<\/a><\/p>\n<p>[\/et_pb_blurb][\/et_pb_column_inner][et_pb_column_inner type=\u00bb1_3&#8243; saved_specialty_column_type=\u00bb3_4&#8243;][et_pb_blurb url=\u00bb\/archivos-estudio-villano-abogados\/disert-Dr-Villano-091105.zip\u00bb url_new_window=\u00bbon\u00bb use_icon=\u00bbon\u00bb font_icon=\u00bb%%98%%\u00bb icon_color=\u00bb#039894&#8243; icon_placement=\u00bbleft\u00bb _builder_version=\u00bb3.0.87&#8243; background_size=\u00bbinitial\u00bb background_position=\u00bbtop_left\u00bb background_repeat=\u00bbrepeat\u00bb animation=\u00bboff\u00bb use_border_color=\u00bboff\u00bb border_color=\u00bb#ffffff\u00bb border_style=\u00bbsolid\u00bb]<\/p>\n<p><a href=\"\/archivos-estudio-villano-abogados\/disert-Dr-Villano-091105.zip\">DESCARGAR<\/a><\/p>\n<p>[\/et_pb_blurb][\/et_pb_column_inner][et_pb_column_inner type=\u00bb1_3&#8243; saved_specialty_column_type=\u00bb3_4&#8243;][\/et_pb_column_inner][\/et_pb_row_inner][et_pb_row_inner admin_label=\u00bbFila\u00bb _builder_version=\u00bb3.0.47&#8243; background_size=\u00bbinitial\u00bb background_position=\u00bbtop_left\u00bb background_repeat=\u00bbrepeat\u00bb][et_pb_column_inner type=\u00bb4_4&#8243; saved_specialty_column_type=\u00bb3_4&#8243;][et_pb_divider color=\u00bb#cccccc\u00bb disabled_on=\u00bbon|on|off\u00bb _builder_version=\u00bb3.2&#8243; hide_on_mobile=\u00bbon\u00bb]<\/p>\n<p>&nbsp;<\/p>\n<p>[\/et_pb_divider][\/et_pb_column_inner][\/et_pb_row_inner][et_pb_row_inner admin_label=\u00bbFila\u00bb custom_padding=\u00bb||0px|\u00bb padding_mobile=\u00bboff\u00bb column_padding_mobile=\u00bbon\u00bb parallax_method_1=\u00bboff\u00bb _builder_version=\u00bb3.0.47&#8243;][et_pb_column_inner type=\u00bb4_4&#8243; saved_specialty_column_type=\u00bb3_4&#8243;][et_pb_text _builder_version=\u00bb3.0.87&#8243; background_size=\u00bbinitial\u00bb background_position=\u00bbtop_left\u00bb background_repeat=\u00bbrepeat\u00bb use_border_color=\u00bboff\u00bb border_color=\u00bb#ffffff\u00bb border_style=\u00bbsolid\u00bb]<\/p>\n<h4>Informe para la Comisi\u00f3n de Asesores Legales del Consejo Portuario Argentino. Agosto 2009.<\/h4>\n<p>Por el Dr. Julio C\u00e9sar Villano.<br \/>\nConsejo Portuario Argentino &#8211; Comisi\u00f3n de Asesores Legales.<\/p>\n<p>[\/et_pb_text][\/et_pb_column_inner][\/et_pb_row_inner][et_pb_row_inner admin_label=\u00bbFila\u00bb custom_padding=\u00bb||0px|\u00bb padding_mobile=\u00bboff\u00bb column_padding_mobile=\u00bbon\u00bb parallax_method_1=\u00bboff\u00bb parallax_method_2=\u00bboff\u00bb parallax_method_3=\u00bboff\u00bb _builder_version=\u00bb3.0.47&#8243;][et_pb_column_inner type=\u00bb1_3&#8243; saved_specialty_column_type=\u00bb3_4&#8243;][et_pb_blurb url=\u00bb\/archivos-estudio-villano-abogados\/estudio-villano-seguros-ambientales.pdf\u00bb url_new_window=\u00bbon\u00bb use_icon=\u00bbon\u00bb font_icon=\u00bb%%51%%\u00bb icon_color=\u00bb#039894&#8243; icon_placement=\u00bbleft\u00bb _builder_version=\u00bb3.0.87&#8243; background_size=\u00bbinitial\u00bb background_position=\u00bbtop_left\u00bb background_repeat=\u00bbrepeat\u00bb custom_margin=\u00bb||0px|\u00bb animation=\u00bboff\u00bb use_border_color=\u00bboff\u00bb border_color=\u00bb#ffffff\u00bb border_style=\u00bbsolid\u00bb]<\/p>\n<p><a href=\"\/archivos-estudio-villano-abogados\/estudio-villano-seguros-ambientales.pdf\" target=\"_blank\" rel=\"noopener\">VER PDF<\/a><\/p>\n<p>[\/et_pb_blurb][\/et_pb_column_inner][et_pb_column_inner type=\u00bb1_3&#8243; saved_specialty_column_type=\u00bb3_4&#8243;][et_pb_blurb url=\u00bb\/archivos-estudio-villano-abogados\/estudio-villano-seguros-ambientales.zip\u00bb url_new_window=\u00bbon\u00bb use_icon=\u00bbon\u00bb font_icon=\u00bb%%98%%\u00bb icon_color=\u00bb#039894&#8243; icon_placement=\u00bbleft\u00bb _builder_version=\u00bb3.0.87&#8243; background_size=\u00bbinitial\u00bb background_position=\u00bbtop_left\u00bb background_repeat=\u00bbrepeat\u00bb animation=\u00bboff\u00bb use_border_color=\u00bboff\u00bb border_color=\u00bb#ffffff\u00bb border_style=\u00bbsolid\u00bb]<\/p>\n<p><a href=\"\/archivos-estudio-villano-abogados\/estudio-villano-seguros-ambientales.zip\" target=\"_blank\" rel=\"noopener\">DESCARGAR<\/a><\/p>\n<p>[\/et_pb_blurb][\/et_pb_column_inner][et_pb_column_inner type=\u00bb1_3&#8243; saved_specialty_column_type=\u00bb3_4&#8243;][\/et_pb_column_inner][\/et_pb_row_inner][et_pb_row_inner admin_label=\u00bbFila\u00bb _builder_version=\u00bb3.0.47&#8243; background_size=\u00bbinitial\u00bb background_position=\u00bbtop_left\u00bb background_repeat=\u00bbrepeat\u00bb][et_pb_column_inner type=\u00bb4_4&#8243; saved_specialty_column_type=\u00bb3_4&#8243;][et_pb_divider color=\u00bb#cccccc\u00bb disabled_on=\u00bbon|on|off\u00bb _builder_version=\u00bb3.2&#8243; hide_on_mobile=\u00bbon\u00bb]<\/p>\n<p>&nbsp;<\/p>\n<p>[\/et_pb_divider][\/et_pb_column_inner][\/et_pb_row_inner][et_pb_row_inner admin_label=\u00bbFila\u00bb custom_padding=\u00bb||0px|\u00bb padding_mobile=\u00bboff\u00bb column_padding_mobile=\u00bbon\u00bb parallax_method_1=\u00bboff\u00bb _builder_version=\u00bb3.0.47&#8243;][et_pb_column_inner type=\u00bb4_4&#8243; saved_specialty_column_type=\u00bb3_4&#8243;][et_pb_text _builder_version=\u00bb3.0.87&#8243; background_size=\u00bbinitial\u00bb background_position=\u00bbtop_left\u00bb background_repeat=\u00bbrepeat\u00bb use_border_color=\u00bboff\u00bb border_color=\u00bb#ffffff\u00bb border_style=\u00bbsolid\u00bb]<\/p>\n<h4>Port and Port Facility Security in the United States.<\/h4>\n<p>By Healy &amp; Baillie LLP. USA.<br \/>\nTraducci\u00f3n al castellano por el Dr. Julio C\u00e9sar Villano.<\/p>\n<p>[\/et_pb_text][\/et_pb_column_inner][\/et_pb_row_inner][et_pb_row_inner admin_label=\u00bbFila\u00bb custom_padding=\u00bb||0px|\u00bb padding_mobile=\u00bboff\u00bb column_padding_mobile=\u00bbon\u00bb parallax_method_1=\u00bboff\u00bb parallax_method_2=\u00bboff\u00bb parallax_method_3=\u00bboff\u00bb _builder_version=\u00bb3.0.47&#8243;][et_pb_column_inner type=\u00bb1_3&#8243; saved_specialty_column_type=\u00bb3_4&#8243;][et_pb_blurb url=\u00bb\/archivos-estudio-villano-abogados\/estudio-villano-proteccion-puertos.pdf\u00bb url_new_window=\u00bbon\u00bb use_icon=\u00bbon\u00bb font_icon=\u00bb%%51%%\u00bb icon_color=\u00bb#039894&#8243; icon_placement=\u00bbleft\u00bb _builder_version=\u00bb3.0.87&#8243; background_size=\u00bbinitial\u00bb background_position=\u00bbtop_left\u00bb background_repeat=\u00bbrepeat\u00bb custom_margin=\u00bb||0px|\u00bb animation=\u00bboff\u00bb use_border_color=\u00bboff\u00bb border_color=\u00bb#ffffff\u00bb border_style=\u00bbsolid\u00bb]<\/p>\n<p><a href=\"\/archivos-estudio-villano-abogados\/estudio-villano-proteccion-puertos.pdf\" target=\"_blank\" rel=\"noopener\">VER PDF<\/a><\/p>\n<p>[\/et_pb_blurb][\/et_pb_column_inner][et_pb_column_inner type=\u00bb1_3&#8243; saved_specialty_column_type=\u00bb3_4&#8243;][et_pb_blurb url=\u00bb\/archivos-estudio-villano-abogados\/estudio-villano-proteccion-puertos.zip\u00bb url_new_window=\u00bbon\u00bb use_icon=\u00bbon\u00bb font_icon=\u00bb%%98%%\u00bb icon_color=\u00bb#039894&#8243; icon_placement=\u00bbleft\u00bb _builder_version=\u00bb3.0.87&#8243; background_size=\u00bbinitial\u00bb background_position=\u00bbtop_left\u00bb background_repeat=\u00bbrepeat\u00bb animation=\u00bboff\u00bb use_border_color=\u00bboff\u00bb border_color=\u00bb#ffffff\u00bb border_style=\u00bbsolid\u00bb]<\/p>\n<p><a href=\"\/archivos-estudio-villano-abogados\/estudio-villano-proteccion-puertos.zip\" target=\"_blank\" rel=\"noopener\">DESCARGAR<\/a><\/p>\n<p>[\/et_pb_blurb][\/et_pb_column_inner][et_pb_column_inner type=\u00bb1_3&#8243; saved_specialty_column_type=\u00bb3_4&#8243;][\/et_pb_column_inner][\/et_pb_row_inner][et_pb_row_inner admin_label=\u00bbFila\u00bb _builder_version=\u00bb3.0.47&#8243; background_size=\u00bbinitial\u00bb background_position=\u00bbtop_left\u00bb background_repeat=\u00bbrepeat\u00bb][et_pb_column_inner type=\u00bb4_4&#8243; saved_specialty_column_type=\u00bb3_4&#8243;][et_pb_divider color=\u00bb#cccccc\u00bb disabled_on=\u00bbon|on|off\u00bb _builder_version=\u00bb3.2&#8243; hide_on_mobile=\u00bbon\u00bb]<\/p>\n<p>&nbsp;<\/p>\n<p>[\/et_pb_divider][\/et_pb_column_inner][\/et_pb_row_inner][et_pb_row_inner admin_label=\u00bbFila\u00bb custom_padding=\u00bb||0px|\u00bb padding_mobile=\u00bboff\u00bb column_padding_mobile=\u00bbon\u00bb parallax_method_1=\u00bboff\u00bb _builder_version=\u00bb3.0.47&#8243;][et_pb_column_inner type=\u00bb4_4&#8243; saved_specialty_column_type=\u00bb3_4&#8243;][et_pb_text _builder_version=\u00bb3.0.87&#8243; background_size=\u00bbinitial\u00bb background_position=\u00bbtop_left\u00bb background_repeat=\u00bbrepeat\u00bb use_border_color=\u00bboff\u00bb border_color=\u00bb#ffffff\u00bb border_style=\u00bbsolid\u00bb]<\/p>\n<h4>Le service public portuaire fran\u00e7ais (en franc\u00e9s).<\/h4>\n<p>Par Prof. Laurent Bordereaux. Universit\u00e9 La Rochelle. France.<\/p>\n<p>[\/et_pb_text][\/et_pb_column_inner][\/et_pb_row_inner][et_pb_row_inner admin_label=\u00bbFila\u00bb custom_padding=\u00bb||0px|\u00bb padding_mobile=\u00bboff\u00bb column_padding_mobile=\u00bbon\u00bb parallax_method_1=\u00bboff\u00bb parallax_method_2=\u00bboff\u00bb parallax_method_3=\u00bboff\u00bb _builder_version=\u00bb3.0.47&#8243;][et_pb_column_inner type=\u00bb1_3&#8243; saved_specialty_column_type=\u00bb3_4&#8243;][et_pb_blurb url=\u00bb\/archivos-estudio-villano-abogados\/estudio-villano-le-service-public.pdf\u00bb url_new_window=\u00bbon\u00bb use_icon=\u00bbon\u00bb font_icon=\u00bb%%51%%\u00bb icon_color=\u00bb#039894&#8243; icon_placement=\u00bbleft\u00bb _builder_version=\u00bb3.0.87&#8243; background_size=\u00bbinitial\u00bb background_position=\u00bbtop_left\u00bb background_repeat=\u00bbrepeat\u00bb custom_margin=\u00bb||0px|\u00bb animation=\u00bboff\u00bb use_border_color=\u00bboff\u00bb border_color=\u00bb#ffffff\u00bb border_style=\u00bbsolid\u00bb]<\/p>\n<p><a href=\"\/archivos-estudio-villano-abogados\/estudio-villano-le-service-public.pdf\" target=\"_blank\" rel=\"noopener\">VER PDF<\/a><\/p>\n<p>[\/et_pb_blurb][\/et_pb_column_inner][et_pb_column_inner type=\u00bb1_3&#8243; saved_specialty_column_type=\u00bb3_4&#8243;][et_pb_blurb url=\u00bb\/archivos-estudio-villano-abogados\/estudio-villano-le-service-public.zip\u00bb url_new_window=\u00bbon\u00bb use_icon=\u00bbon\u00bb font_icon=\u00bb%%98%%\u00bb icon_color=\u00bb#039894&#8243; icon_placement=\u00bbleft\u00bb _builder_version=\u00bb3.0.87&#8243; background_size=\u00bbinitial\u00bb background_position=\u00bbtop_left\u00bb background_repeat=\u00bbrepeat\u00bb animation=\u00bboff\u00bb use_border_color=\u00bboff\u00bb border_color=\u00bb#ffffff\u00bb border_style=\u00bbsolid\u00bb]<\/p>\n<p><a href=\"\/archivos-estudio-villano-abogados\/estudio-villano-le-service-public.zip\" target=\"_blank\" rel=\"noopener\">DESCARGAR<\/a><\/p>\n<p>[\/et_pb_blurb][\/et_pb_column_inner][et_pb_column_inner type=\u00bb1_3&#8243; saved_specialty_column_type=\u00bb3_4&#8243;][\/et_pb_column_inner][\/et_pb_row_inner][et_pb_row_inner admin_label=\u00bbFila\u00bb _builder_version=\u00bb3.0.47&#8243; background_size=\u00bbinitial\u00bb background_position=\u00bbtop_left\u00bb background_repeat=\u00bbrepeat\u00bb][et_pb_column_inner type=\u00bb4_4&#8243; saved_specialty_column_type=\u00bb3_4&#8243;][et_pb_divider color=\u00bb#cccccc\u00bb disabled_on=\u00bbon|on|off\u00bb _builder_version=\u00bb3.2&#8243; hide_on_mobile=\u00bbon\u00bb]<\/p>\n<p>&nbsp;<\/p>\n<p>[\/et_pb_divider][\/et_pb_column_inner][\/et_pb_row_inner][et_pb_row_inner admin_label=\u00bbFila\u00bb custom_padding=\u00bb||0px|\u00bb padding_mobile=\u00bboff\u00bb column_padding_mobile=\u00bbon\u00bb parallax_method_1=\u00bboff\u00bb _builder_version=\u00bb3.0.47&#8243;][et_pb_column_inner type=\u00bb4_4&#8243; saved_specialty_column_type=\u00bb3_4&#8243;][et_pb_text _builder_version=\u00bb3.0.87&#8243; background_size=\u00bbinitial\u00bb background_position=\u00bbtop_left\u00bb background_repeat=\u00bbrepeat\u00bb use_border_color=\u00bboff\u00bb border_color=\u00bb#ffffff\u00bb border_style=\u00bbsolid\u00bb]<\/p>\n<h4>R\u00e9gimen legal del sistema Portuario argentino. Vinculaciones con el transporte de carga.<\/h4>\n<p>Por el Dr. Julio C\u00e9sar Villano.<br \/>\nFacultad de Derecho y Ciencias Sociales de la Universidad \u00a0de Buenos Aires (UBA).<\/p>\n<p>[\/et_pb_text][\/et_pb_column_inner][\/et_pb_row_inner][et_pb_row_inner admin_label=\u00bbFila\u00bb custom_padding=\u00bb||0px|\u00bb padding_mobile=\u00bboff\u00bb column_padding_mobile=\u00bbon\u00bb parallax_method_1=\u00bboff\u00bb parallax_method_2=\u00bboff\u00bb parallax_method_3=\u00bboff\u00bb _builder_version=\u00bb3.0.47&#8243;][et_pb_column_inner type=\u00bb1_3&#8243; saved_specialty_column_type=\u00bb3_4&#8243;][et_pb_blurb url=\u00bb\/archivos-estudio-villano-abogados\/estudio-villano-sistema-portuario.pps\u00bb url_new_window=\u00bbon\u00bb use_icon=\u00bbon\u00bb font_icon=\u00bb%%51%%\u00bb icon_color=\u00bb#039894&#8243; icon_placement=\u00bbleft\u00bb _builder_version=\u00bb3.0.87&#8243; background_size=\u00bbinitial\u00bb background_position=\u00bbtop_left\u00bb background_repeat=\u00bbrepeat\u00bb custom_margin=\u00bb||0px|\u00bb animation=\u00bboff\u00bb use_border_color=\u00bboff\u00bb border_color=\u00bb#ffffff\u00bb border_style=\u00bbsolid\u00bb]<\/p>\n<p><a href=\"\/archivos-estudio-villano-abogados\/estudio-villano-sistema-portuario.pps\" target=\"_blank\" rel=\"noopener\">VER PPT<\/a><\/p>\n<p>[\/et_pb_blurb][\/et_pb_column_inner][et_pb_column_inner type=\u00bb1_3&#8243; saved_specialty_column_type=\u00bb3_4&#8243;][et_pb_blurb url=\u00bb\/archivos-estudio-villano-abogados\/estudio-villano-sistema-portuario.zip\u00bb url_new_window=\u00bbon\u00bb use_icon=\u00bbon\u00bb font_icon=\u00bb%%98%%\u00bb icon_color=\u00bb#039894&#8243; icon_placement=\u00bbleft\u00bb _builder_version=\u00bb3.0.87&#8243; background_size=\u00bbinitial\u00bb background_position=\u00bbtop_left\u00bb background_repeat=\u00bbrepeat\u00bb animation=\u00bboff\u00bb use_border_color=\u00bboff\u00bb border_color=\u00bb#ffffff\u00bb border_style=\u00bbsolid\u00bb]<\/p>\n<p><a href=\"\/archivos-estudio-villano-abogados\/estudio-villano-sistema-portuario.zip\" target=\"_blank\" rel=\"noopener\">DESCARGAR<\/a><\/p>\n<p>[\/et_pb_blurb][\/et_pb_column_inner][et_pb_column_inner type=\u00bb1_3&#8243; saved_specialty_column_type=\u00bb3_4&#8243;][\/et_pb_column_inner][\/et_pb_row_inner][et_pb_row_inner admin_label=\u00bbFila\u00bb _builder_version=\u00bb3.0.47&#8243; background_size=\u00bbinitial\u00bb background_position=\u00bbtop_left\u00bb background_repeat=\u00bbrepeat\u00bb][et_pb_column_inner type=\u00bb4_4&#8243; saved_specialty_column_type=\u00bb3_4&#8243;][et_pb_divider color=\u00bb#cccccc\u00bb disabled_on=\u00bbon|on|off\u00bb _builder_version=\u00bb3.2&#8243; hide_on_mobile=\u00bbon\u00bb]<\/p>\n<p>&nbsp;<\/p>\n<p>[\/et_pb_divider][\/et_pb_column_inner][\/et_pb_row_inner][et_pb_row_inner admin_label=\u00bbFila\u00bb custom_padding=\u00bb||0px|\u00bb padding_mobile=\u00bboff\u00bb column_padding_mobile=\u00bbon\u00bb parallax_method_1=\u00bboff\u00bb _builder_version=\u00bb3.0.47&#8243;][et_pb_column_inner type=\u00bb4_4&#8243; saved_specialty_column_type=\u00bb3_4&#8243;][et_pb_text _builder_version=\u00bb3.0.87&#8243; background_size=\u00bbinitial\u00bb background_position=\u00bbtop_left\u00bb background_repeat=\u00bbrepeat\u00bb use_border_color=\u00bboff\u00bb border_color=\u00bb#ffffff\u00bb border_style=\u00bbsolid\u00bb]<\/p>\n<h4>Protecci\u00f3n del Medio Marino.<\/h4>\n<p>Por el Dr. Julio C\u00e9sar Villano.<br \/>\nUniversidad de Ciencias Empresariales y Sociales (UCES). Jornadas sobre Derecho del Mar. 21 y 22 de Junio de 2007.<\/p>\n<p>[\/et_pb_text][\/et_pb_column_inner][\/et_pb_row_inner][et_pb_row_inner admin_label=\u00bbFila\u00bb custom_padding=\u00bb||0px|\u00bb padding_mobile=\u00bboff\u00bb column_padding_mobile=\u00bbon\u00bb parallax_method_1=\u00bboff\u00bb parallax_method_2=\u00bboff\u00bb parallax_method_3=\u00bboff\u00bb _builder_version=\u00bb3.0.47&#8243;][et_pb_column_inner type=\u00bb1_3&#8243; saved_specialty_column_type=\u00bb3_4&#8243;][et_pb_blurb url=\u00bb\/archivos-estudio-villano-abogados\/medio-marino.ppt\u00bb url_new_window=\u00bbon\u00bb use_icon=\u00bbon\u00bb font_icon=\u00bb%%51%%\u00bb icon_color=\u00bb#039894&#8243; icon_placement=\u00bbleft\u00bb _builder_version=\u00bb3.0.87&#8243; background_size=\u00bbinitial\u00bb background_position=\u00bbtop_left\u00bb background_repeat=\u00bbrepeat\u00bb custom_margin=\u00bb||0px|\u00bb animation=\u00bboff\u00bb use_border_color=\u00bboff\u00bb border_color=\u00bb#ffffff\u00bb border_style=\u00bbsolid\u00bb]<\/p>\n<p><a href=\"\/archivos-estudio-villano-abogados\/medio-marino.ppt\" target=\"_blank\" rel=\"noopener\">VER PPT<\/a><\/p>\n<p>[\/et_pb_blurb][\/et_pb_column_inner][et_pb_column_inner type=\u00bb1_3&#8243; saved_specialty_column_type=\u00bb3_4&#8243;][et_pb_blurb url=\u00bb\/archivos-estudio-villano-abogados\/medio-marino.zip\u00bb url_new_window=\u00bbon\u00bb use_icon=\u00bbon\u00bb font_icon=\u00bb%%98%%\u00bb icon_color=\u00bb#039894&#8243; icon_placement=\u00bbleft\u00bb _builder_version=\u00bb3.0.87&#8243; background_size=\u00bbinitial\u00bb background_position=\u00bbtop_left\u00bb background_repeat=\u00bbrepeat\u00bb animation=\u00bboff\u00bb use_border_color=\u00bboff\u00bb border_color=\u00bb#ffffff\u00bb border_style=\u00bbsolid\u00bb]<\/p>\n<p><a href=\"\/archivos-estudio-villano-abogados\/medio-marino.zip\" target=\"_blank\" rel=\"noopener\">DESCARGAR<\/a><\/p>\n<p>[\/et_pb_blurb][\/et_pb_column_inner][et_pb_column_inner type=\u00bb1_3&#8243; saved_specialty_column_type=\u00bb3_4&#8243;][\/et_pb_column_inner][\/et_pb_row_inner][et_pb_row_inner admin_label=\u00bbFila\u00bb _builder_version=\u00bb3.0.47&#8243; background_size=\u00bbinitial\u00bb background_position=\u00bbtop_left\u00bb background_repeat=\u00bbrepeat\u00bb][et_pb_column_inner type=\u00bb4_4&#8243; saved_specialty_column_type=\u00bb3_4&#8243;][et_pb_divider color=\u00bb#cccccc\u00bb disabled_on=\u00bbon|on|off\u00bb _builder_version=\u00bb3.2&#8243; hide_on_mobile=\u00bbon\u00bb]<\/p>\n<p>&nbsp;<\/p>\n<p>[\/et_pb_divider][\/et_pb_column_inner][\/et_pb_row_inner][et_pb_row_inner admin_label=\u00bbFila\u00bb custom_padding=\u00bb||0px|\u00bb padding_mobile=\u00bboff\u00bb column_padding_mobile=\u00bbon\u00bb parallax_method_1=\u00bboff\u00bb _builder_version=\u00bb3.0.47&#8243;][et_pb_column_inner type=\u00bb4_4&#8243; saved_specialty_column_type=\u00bb3_4&#8243;][et_pb_text _builder_version=\u00bb3.0.87&#8243; background_size=\u00bbinitial\u00bb background_position=\u00bbtop_left\u00bb background_repeat=\u00bbrepeat\u00bb use_border_color=\u00bboff\u00bb border_color=\u00bb#ffffff\u00bb border_style=\u00bbsolid\u00bb]<\/p>\n<h4>Puertos de Refugio. Nuevos Desarrollos Internacionales.<\/h4>\n<p>Por el Dr. Julio C\u00e9sar Villano.<br \/>\nMar del Plata, durante las Jornadas \u201cArgentina un Pa\u00eds en Crecimiento\u201d como parte del Taller \u201cTemas de Derecho Portuario\u201d, organizadas por el Consejo Portuario Argentino, noviembre de 2006.<\/p>\n<p>[\/et_pb_text][\/et_pb_column_inner][\/et_pb_row_inner][et_pb_row_inner admin_label=\u00bbFila\u00bb custom_padding=\u00bb||0px|\u00bb padding_mobile=\u00bboff\u00bb column_padding_mobile=\u00bbon\u00bb parallax_method_1=\u00bboff\u00bb parallax_method_2=\u00bboff\u00bb parallax_method_3=\u00bboff\u00bb _builder_version=\u00bb3.0.47&#8243;][et_pb_column_inner type=\u00bb1_3&#8243; saved_specialty_column_type=\u00bb3_4&#8243;][et_pb_blurb url=\u00bb\/archivos-estudio-villano-abogados\/estudio-villano-puertos-refugio.pps\u00bb url_new_window=\u00bbon\u00bb use_icon=\u00bbon\u00bb font_icon=\u00bb%%51%%\u00bb icon_color=\u00bb#039894&#8243; icon_placement=\u00bbleft\u00bb _builder_version=\u00bb3.0.87&#8243; background_size=\u00bbinitial\u00bb background_position=\u00bbtop_left\u00bb background_repeat=\u00bbrepeat\u00bb custom_margin=\u00bb||0px|\u00bb animation=\u00bboff\u00bb use_border_color=\u00bboff\u00bb border_color=\u00bb#ffffff\u00bb border_style=\u00bbsolid\u00bb]<\/p>\n<p><a href=\"\/archivos-estudio-villano-abogados\/estudio-villano-puertos-refugio.pps\" target=\"_blank\" rel=\"noopener\">VER PPT<\/a><\/p>\n<p>[\/et_pb_blurb][\/et_pb_column_inner][et_pb_column_inner type=\u00bb1_3&#8243; saved_specialty_column_type=\u00bb3_4&#8243;][et_pb_blurb url=\u00bb\/archivos-estudio-villano-abogados\/estudio-villano-puertos-refugio.zip\u00bb url_new_window=\u00bbon\u00bb use_icon=\u00bbon\u00bb font_icon=\u00bb%%98%%\u00bb icon_color=\u00bb#039894&#8243; icon_placement=\u00bbleft\u00bb _builder_version=\u00bb3.0.87&#8243; background_size=\u00bbinitial\u00bb background_position=\u00bbtop_left\u00bb background_repeat=\u00bbrepeat\u00bb animation=\u00bboff\u00bb use_border_color=\u00bboff\u00bb border_color=\u00bb#ffffff\u00bb border_style=\u00bbsolid\u00bb]<\/p>\n<p><a href=\"\/archivos-estudio-villano-abogados\/estudio-villano-puertos-refugio.zip\" target=\"_blank\" rel=\"noopener\">DESCARGAR<\/a><\/p>\n<p>[\/et_pb_blurb][\/et_pb_column_inner][et_pb_column_inner type=\u00bb1_3&#8243; saved_specialty_column_type=\u00bb3_4&#8243;][\/et_pb_column_inner][\/et_pb_row_inner][et_pb_row_inner admin_label=\u00bbFila\u00bb _builder_version=\u00bb3.0.47&#8243; background_size=\u00bbinitial\u00bb background_position=\u00bbtop_left\u00bb background_repeat=\u00bbrepeat\u00bb][et_pb_column_inner type=\u00bb4_4&#8243; saved_specialty_column_type=\u00bb3_4&#8243;][et_pb_divider color=\u00bb#cccccc\u00bb disabled_on=\u00bbon|on|off\u00bb _builder_version=\u00bb3.2&#8243; hide_on_mobile=\u00bbon\u00bb]<\/p>\n<p>&nbsp;<\/p>\n<p>[\/et_pb_divider][\/et_pb_column_inner][\/et_pb_row_inner][et_pb_row_inner admin_label=\u00bbFila\u00bb custom_padding=\u00bb||0px|\u00bb padding_mobile=\u00bboff\u00bb column_padding_mobile=\u00bbon\u00bb parallax_method_1=\u00bboff\u00bb _builder_version=\u00bb3.0.47&#8243;][et_pb_column_inner type=\u00bb4_4&#8243; saved_specialty_column_type=\u00bb3_4&#8243;][et_pb_text _builder_version=\u00bb3.0.87&#8243; background_size=\u00bbinitial\u00bb background_position=\u00bbtop_left\u00bb background_repeat=\u00bbrepeat\u00bb use_border_color=\u00bboff\u00bb border_color=\u00bb#ffffff\u00bb border_style=\u00bbsolid\u00bb]<\/p>\n<h4>Gesti\u00f3n de Residuos Portuarios.<\/h4>\n<p>Por el Dr. Julio C\u00e9sar Villano.<br \/>\nCentro de Navegaci\u00f3n, durante el Taller organizado por el Consejo Portuario Argentino el 30.08.07.<\/p>\n<p>[\/et_pb_text][\/et_pb_column_inner][\/et_pb_row_inner][et_pb_row_inner admin_label=\u00bbFila\u00bb custom_padding=\u00bb||0px|\u00bb padding_mobile=\u00bboff\u00bb column_padding_mobile=\u00bbon\u00bb parallax_method_1=\u00bboff\u00bb parallax_method_2=\u00bboff\u00bb parallax_method_3=\u00bboff\u00bb _builder_version=\u00bb3.0.47&#8243;][et_pb_column_inner type=\u00bb1_3&#8243; saved_specialty_column_type=\u00bb3_4&#8243;][et_pb_blurb url=\u00bb\/archivos-estudio-villano-abogados\/estudio-villano-residuos-portuarios.pdf\u00bb url_new_window=\u00bbon\u00bb use_icon=\u00bbon\u00bb font_icon=\u00bb%%51%%\u00bb icon_color=\u00bb#039894&#8243; icon_placement=\u00bbleft\u00bb _builder_version=\u00bb3.0.87&#8243; background_size=\u00bbinitial\u00bb background_position=\u00bbtop_left\u00bb background_repeat=\u00bbrepeat\u00bb custom_margin=\u00bb||0px|\u00bb animation=\u00bboff\u00bb use_border_color=\u00bboff\u00bb border_color=\u00bb#ffffff\u00bb border_style=\u00bbsolid\u00bb]<\/p>\n<p><a href=\"\/archivos-estudio-villano-abogados\/estudio-villano-residuos-portuarios.pdf\" target=\"_blank\" rel=\"noopener\">VER PDF<\/a><\/p>\n<p>[\/et_pb_blurb][\/et_pb_column_inner][et_pb_column_inner type=\u00bb1_3&#8243; saved_specialty_column_type=\u00bb3_4&#8243;][et_pb_blurb url=\u00bb\/archivos-estudio-villano-abogados\/estudio-villano-residuos-portuarios.zip\u00bb url_new_window=\u00bbon\u00bb use_icon=\u00bbon\u00bb font_icon=\u00bb%%98%%\u00bb icon_color=\u00bb#039894&#8243; icon_placement=\u00bbleft\u00bb _builder_version=\u00bb3.0.87&#8243; background_size=\u00bbinitial\u00bb background_position=\u00bbtop_left\u00bb background_repeat=\u00bbrepeat\u00bb animation=\u00bboff\u00bb use_border_color=\u00bboff\u00bb border_color=\u00bb#ffffff\u00bb border_style=\u00bbsolid\u00bb]<\/p>\n<p><a href=\"\/archivos-estudio-villano-abogados\/estudio-villano-puertos-refugio.zip\" target=\"_blank\" rel=\"noopener\">DESCARGAR<\/a><\/p>\n<p>[\/et_pb_blurb][\/et_pb_column_inner][et_pb_column_inner type=\u00bb1_3&#8243; saved_specialty_column_type=\u00bb3_4&#8243;][\/et_pb_column_inner][\/et_pb_row_inner][et_pb_row_inner admin_label=\u00bbFila\u00bb _builder_version=\u00bb3.0.47&#8243; background_size=\u00bbinitial\u00bb background_position=\u00bbtop_left\u00bb background_repeat=\u00bbrepeat\u00bb][et_pb_column_inner type=\u00bb4_4&#8243; saved_specialty_column_type=\u00bb3_4&#8243;][et_pb_divider color=\u00bb#cccccc\u00bb disabled_on=\u00bbon|on|off\u00bb _builder_version=\u00bb3.2&#8243; hide_on_mobile=\u00bbon\u00bb]<\/p>\n<p>&nbsp;<\/p>\n<p>[\/et_pb_divider][\/et_pb_column_inner][\/et_pb_row_inner][et_pb_row_inner admin_label=\u00bbFila\u00bb custom_padding=\u00bb||0px|\u00bb padding_mobile=\u00bboff\u00bb column_padding_mobile=\u00bbon\u00bb parallax_method_1=\u00bboff\u00bb _builder_version=\u00bb3.0.47&#8243;][et_pb_column_inner type=\u00bb4_4&#8243; saved_specialty_column_type=\u00bb3_4&#8243;][et_pb_text _builder_version=\u00bb3.0.87&#8243; background_size=\u00bbinitial\u00bb background_position=\u00bbtop_left\u00bb background_repeat=\u00bbrepeat\u00bb use_border_color=\u00bboff\u00bb border_color=\u00bb#ffffff\u00bb border_style=\u00bbsolid\u00bb]<\/p>\n<h4>Desaf\u00edos ambientales de los puertos con particular referencia al nuevo proyecto de convenci\u00f3n internacional sobre Lugares de Refugio para Buques en Peligro elaborado por el Comit\u00e9 Mar\u00edtimo Internacional.<\/h4>\n<p>Por el Dr. Julio C\u00e9sar Villano.<br \/>\nPrimer Encuentro Nacional de Estudiantes de Carreras de Pos Grado y Pos Graduados en Ciencias Jur\u00eddicas, organizado por la Universidad Nacional de Mar del Plata, Marzo de 2006.<\/p>\n<p>[\/et_pb_text][\/et_pb_column_inner][\/et_pb_row_inner][et_pb_row_inner admin_label=\u00bbFila\u00bb custom_padding=\u00bb||0px|\u00bb padding_mobile=\u00bboff\u00bb column_padding_mobile=\u00bbon\u00bb parallax_method_1=\u00bboff\u00bb parallax_method_2=\u00bboff\u00bb parallax_method_3=\u00bboff\u00bb _builder_version=\u00bb3.0.47&#8243;][et_pb_column_inner type=\u00bb1_3&#8243; saved_specialty_column_type=\u00bb3_4&#8243;][et_pb_blurb url=\u00bb\/archivos-estudio-villano-abogados\/estudio-villano-desafios-ambientales.pdf\u00bb url_new_window=\u00bbon\u00bb use_icon=\u00bbon\u00bb font_icon=\u00bb%%51%%\u00bb icon_color=\u00bb#039894&#8243; icon_placement=\u00bbleft\u00bb _builder_version=\u00bb3.0.87&#8243; background_size=\u00bbinitial\u00bb background_position=\u00bbtop_left\u00bb background_repeat=\u00bbrepeat\u00bb custom_margin=\u00bb||0px|\u00bb animation=\u00bboff\u00bb use_border_color=\u00bboff\u00bb border_color=\u00bb#ffffff\u00bb border_style=\u00bbsolid\u00bb]<\/p>\n<p><a href=\"\/archivos-estudio-villano-abogados\/estudio-villano-desafios-ambientales.pdf\" target=\"_blank\" rel=\"noopener\">VER PDF<\/a><\/p>\n<p>[\/et_pb_blurb][\/et_pb_column_inner][et_pb_column_inner type=\u00bb1_3&#8243; saved_specialty_column_type=\u00bb3_4&#8243;][et_pb_blurb url=\u00bb\/archivos-estudio-villano-abogados\/estudio-villano-desafios-ambientales.zip\u00bb url_new_window=\u00bbon\u00bb use_icon=\u00bbon\u00bb font_icon=\u00bb%%98%%\u00bb icon_color=\u00bb#039894&#8243; icon_placement=\u00bbleft\u00bb _builder_version=\u00bb3.0.87&#8243; background_size=\u00bbinitial\u00bb background_position=\u00bbtop_left\u00bb background_repeat=\u00bbrepeat\u00bb animation=\u00bboff\u00bb use_border_color=\u00bboff\u00bb border_color=\u00bb#ffffff\u00bb border_style=\u00bbsolid\u00bb]<\/p>\n<p><a href=\"\/archivos-estudio-villano-abogados\/estudio-villano-desafios-ambientales.zip\" target=\"_blank\" rel=\"noopener\">DESCARGAR<\/a><\/p>\n<p>[\/et_pb_blurb][\/et_pb_column_inner][et_pb_column_inner type=\u00bb1_3&#8243; saved_specialty_column_type=\u00bb3_4&#8243;][\/et_pb_column_inner][\/et_pb_row_inner][et_pb_row_inner admin_label=\u00bbFila\u00bb _builder_version=\u00bb3.0.47&#8243; background_size=\u00bbinitial\u00bb background_position=\u00bbtop_left\u00bb background_repeat=\u00bbrepeat\u00bb][et_pb_column_inner type=\u00bb4_4&#8243; saved_specialty_column_type=\u00bb3_4&#8243;][et_pb_divider color=\u00bb#cccccc\u00bb disabled_on=\u00bbon|on|off\u00bb _builder_version=\u00bb3.2&#8243; hide_on_mobile=\u00bbon\u00bb]<\/p>\n<p>&nbsp;<\/p>\n<p>[\/et_pb_divider][\/et_pb_column_inner][\/et_pb_row_inner][et_pb_row_inner admin_label=\u00bbFila\u00bb custom_padding=\u00bb||0px|\u00bb padding_mobile=\u00bboff\u00bb column_padding_mobile=\u00bbon\u00bb parallax_method_1=\u00bboff\u00bb _builder_version=\u00bb3.0.47&#8243;][et_pb_column_inner type=\u00bb4_4&#8243; saved_specialty_column_type=\u00bb3_4&#8243;][et_pb_text _builder_version=\u00bb3.0.87&#8243; background_size=\u00bbinitial\u00bb background_position=\u00bbtop_left\u00bb background_repeat=\u00bbrepeat\u00bb use_border_color=\u00bboff\u00bb border_color=\u00bb#ffffff\u00bb border_style=\u00bbsolid\u00bb]<\/p>\n<h4>Remoci\u00f3n, extracci\u00f3n, traslado y desguace de buques, aeronaves, restos n\u00e1ufragos y construcciones hundidos o inactivos en aguas argentinas y en la Cuenca Matanza Riachuelo. Recientes modificaciones a su r\u00e9gimen jur\u00eddico.<\/h4>\n<p>Por Dr. Julio C\u00e9sar Villano.<br \/>\nTrabajo presentado al Instituto de Derecho de la Navegaci\u00f3n de la Academia Nacional de Derecho y Ciencias Sociales de Buenos Aires.\u00a0Buenos Aires, Mayo de 2008.<\/p>\n<p>[\/et_pb_text][\/et_pb_column_inner][\/et_pb_row_inner][et_pb_row_inner admin_label=\u00bbFila\u00bb custom_padding=\u00bb||0px|\u00bb padding_mobile=\u00bboff\u00bb column_padding_mobile=\u00bbon\u00bb parallax_method_1=\u00bboff\u00bb parallax_method_2=\u00bboff\u00bb parallax_method_3=\u00bboff\u00bb _builder_version=\u00bb3.0.47&#8243;][et_pb_column_inner type=\u00bb1_3&#8243; saved_specialty_column_type=\u00bb3_4&#8243;][et_pb_blurb url=\u00bb\/archivos-estudio-villano-abogados\/estudio-villano-rembuqinact.pdf\u00bb url_new_window=\u00bbon\u00bb use_icon=\u00bbon\u00bb font_icon=\u00bb%%51%%\u00bb icon_color=\u00bb#039894&#8243; icon_placement=\u00bbleft\u00bb _builder_version=\u00bb3.0.87&#8243; background_size=\u00bbinitial\u00bb background_position=\u00bbtop_left\u00bb background_repeat=\u00bbrepeat\u00bb custom_margin=\u00bb||0px|\u00bb animation=\u00bboff\u00bb use_border_color=\u00bboff\u00bb border_color=\u00bb#ffffff\u00bb border_style=\u00bbsolid\u00bb]<\/p>\n<p><a href=\"\/archivos-estudio-villano-abogados\/estudio-villano-rembuqinact.pdf\" target=\"_blank\" rel=\"noopener\">VER PDF<\/a><\/p>\n<p>[\/et_pb_blurb][\/et_pb_column_inner][et_pb_column_inner type=\u00bb1_3&#8243; saved_specialty_column_type=\u00bb3_4&#8243;][et_pb_blurb url=\u00bb\/archivos-estudio-villano-abogados\/estudio-villano-rembuqinact.zip\u00bb url_new_window=\u00bbon\u00bb use_icon=\u00bbon\u00bb font_icon=\u00bb%%98%%\u00bb icon_color=\u00bb#039894&#8243; icon_placement=\u00bbleft\u00bb _builder_version=\u00bb3.0.87&#8243; background_size=\u00bbinitial\u00bb background_position=\u00bbtop_left\u00bb background_repeat=\u00bbrepeat\u00bb animation=\u00bboff\u00bb use_border_color=\u00bboff\u00bb border_color=\u00bb#ffffff\u00bb border_style=\u00bbsolid\u00bb]<\/p>\n<p><a href=\"\/archivos-estudio-villano-abogados\/estudio-villano-rembuqinact.zip\" target=\"_blank\" rel=\"noopener\">DESCARGAR<\/a><\/p>\n<p>[\/et_pb_blurb][\/et_pb_column_inner][et_pb_column_inner type=\u00bb1_3&#8243; saved_specialty_column_type=\u00bb3_4&#8243;][\/et_pb_column_inner][\/et_pb_row_inner][et_pb_row_inner admin_label=\u00bbFila\u00bb _builder_version=\u00bb3.0.47&#8243; background_size=\u00bbinitial\u00bb background_position=\u00bbtop_left\u00bb background_repeat=\u00bbrepeat\u00bb][et_pb_column_inner type=\u00bb4_4&#8243; saved_specialty_column_type=\u00bb3_4&#8243;][et_pb_divider color=\u00bb#cccccc\u00bb disabled_on=\u00bbon|on|off\u00bb _builder_version=\u00bb3.2&#8243; hide_on_mobile=\u00bbon\u00bb]<\/p>\n<p>&nbsp;<\/p>\n<p>[\/et_pb_divider][\/et_pb_column_inner][\/et_pb_row_inner][et_pb_row_inner admin_label=\u00bbFila\u00bb custom_padding=\u00bb||0px|\u00bb padding_mobile=\u00bboff\u00bb column_padding_mobile=\u00bbon\u00bb parallax_method_1=\u00bboff\u00bb _builder_version=\u00bb3.0.47&#8243;][et_pb_column_inner type=\u00bb4_4&#8243; saved_specialty_column_type=\u00bb3_4&#8243;][et_pb_text _builder_version=\u00bb3.0.87&#8243; background_size=\u00bbinitial\u00bb background_position=\u00bbtop_left\u00bb background_repeat=\u00bbrepeat\u00bb use_border_color=\u00bboff\u00bb border_color=\u00bb#ffffff\u00bb border_style=\u00bbsolid\u00bb]<\/p>\n<h4>Principal Environmental Law Treaties and Argentine Law &#8211; Particular Reference to the International Ship and Port Facility Code (ISPS Code) (en ingl\u00e9s).<\/h4>\n<p>Por el Dr. Julio C\u00e9sar Villano.<br \/>\nIndian Society of International Law (ISIL). Trabajo presentado en la \u00ab5th International Law Conference\u00bb.\u00a0Nueva Delhi, India. 8\/9 de Diciembre 2007.<\/p>\n<p>[\/et_pb_text][\/et_pb_column_inner][\/et_pb_row_inner][et_pb_row_inner admin_label=\u00bbFila\u00bb custom_padding=\u00bb||0px|\u00bb padding_mobile=\u00bboff\u00bb column_padding_mobile=\u00bbon\u00bb parallax_method_1=\u00bboff\u00bb parallax_method_2=\u00bboff\u00bb parallax_method_3=\u00bboff\u00bb _builder_version=\u00bb3.0.47&#8243;][et_pb_column_inner type=\u00bb1_3&#8243; saved_specialty_column_type=\u00bb3_4&#8243;][et_pb_blurb url=\u00bb\/archivos-estudio-villano-abogados\/estudio-villano-principal-enviromental-law.pdf\u00bb url_new_window=\u00bbon\u00bb use_icon=\u00bbon\u00bb font_icon=\u00bb%%51%%\u00bb icon_color=\u00bb#039894&#8243; icon_placement=\u00bbleft\u00bb _builder_version=\u00bb3.0.87&#8243; background_size=\u00bbinitial\u00bb background_position=\u00bbtop_left\u00bb background_repeat=\u00bbrepeat\u00bb custom_margin=\u00bb||0px|\u00bb animation=\u00bboff\u00bb use_border_color=\u00bboff\u00bb border_color=\u00bb#ffffff\u00bb border_style=\u00bbsolid\u00bb]<\/p>\n<p><a href=\"\/archivos-estudio-villano-abogados\/estudio-villano-principal-enviromental-law.pdf\" target=\"_blank\" rel=\"noopener\">VER PDF<\/a><\/p>\n<p>[\/et_pb_blurb][\/et_pb_column_inner][et_pb_column_inner type=\u00bb1_3&#8243; saved_specialty_column_type=\u00bb3_4&#8243;][et_pb_blurb url=\u00bb\/archivos-estudio-villano-abogados\/estudio-villano-principal-enviromental-law.zip\u00bb url_new_window=\u00bbon\u00bb use_icon=\u00bbon\u00bb font_icon=\u00bb%%98%%\u00bb icon_color=\u00bb#039894&#8243; icon_placement=\u00bbleft\u00bb _builder_version=\u00bb3.0.87&#8243; background_size=\u00bbinitial\u00bb background_position=\u00bbtop_left\u00bb background_repeat=\u00bbrepeat\u00bb animation=\u00bboff\u00bb use_border_color=\u00bboff\u00bb border_color=\u00bb#ffffff\u00bb border_style=\u00bbsolid\u00bb]<\/p>\n<p><a href=\"\/archivos-estudio-villano-abogados\/estudio-villano-principal-enviromental-law.zip\" target=\"_blank\" rel=\"noopener\">DESCARGAR<\/a><\/p>\n<p>[\/et_pb_blurb][\/et_pb_column_inner][et_pb_column_inner type=\u00bb1_3&#8243; saved_specialty_column_type=\u00bb3_4&#8243;][\/et_pb_column_inner][\/et_pb_row_inner][et_pb_row_inner admin_label=\u00bbFila\u00bb _builder_version=\u00bb3.0.47&#8243; background_size=\u00bbinitial\u00bb background_position=\u00bbtop_left\u00bb background_repeat=\u00bbrepeat\u00bb][et_pb_column_inner type=\u00bb4_4&#8243; saved_specialty_column_type=\u00bb3_4&#8243;][et_pb_divider color=\u00bb#cccccc\u00bb disabled_on=\u00bbon|on|off\u00bb _builder_version=\u00bb3.2&#8243; hide_on_mobile=\u00bbon\u00bb]<\/p>\n<p>&nbsp;<\/p>\n<p>[\/et_pb_divider][\/et_pb_column_inner][\/et_pb_row_inner][et_pb_row_inner admin_label=\u00bbFila\u00bb custom_padding=\u00bb||0px|\u00bb padding_mobile=\u00bboff\u00bb column_padding_mobile=\u00bbon\u00bb parallax_method_1=\u00bboff\u00bb _builder_version=\u00bb3.0.47&#8243;][et_pb_column_inner type=\u00bb4_4&#8243; saved_specialty_column_type=\u00bb3_4&#8243;][et_pb_text _builder_version=\u00bb3.0.87&#8243; background_size=\u00bbinitial\u00bb background_position=\u00bbtop_left\u00bb background_repeat=\u00bbrepeat\u00bb use_border_color=\u00bboff\u00bb border_color=\u00bb#ffffff\u00bb border_style=\u00bbsolid\u00bb]<\/p>\n<h4>Law of the Sea, by Hugo Caminos. The Library of Essays in International Law (Ashgate &#8211; Dartmouth) (en ingl\u00e9s).<\/h4>\n<p>Book Review by Dr. Julio C\u00e9sar Villano.<\/p>\n<p>[\/et_pb_text][\/et_pb_column_inner][\/et_pb_row_inner][et_pb_row_inner admin_label=\u00bbFila\u00bb custom_padding=\u00bb||0px|\u00bb padding_mobile=\u00bboff\u00bb column_padding_mobile=\u00bbon\u00bb parallax_method_1=\u00bboff\u00bb parallax_method_2=\u00bboff\u00bb parallax_method_3=\u00bboff\u00bb _builder_version=\u00bb3.0.47&#8243;][et_pb_column_inner type=\u00bb1_3&#8243; saved_specialty_column_type=\u00bb3_4&#8243;][et_pb_blurb url=\u00bb\/archivos-estudio-villano-abogados\/estudio-villano-lawofthesea.pdf\u00bb url_new_window=\u00bbon\u00bb use_icon=\u00bbon\u00bb font_icon=\u00bb%%51%%\u00bb icon_color=\u00bb#039894&#8243; icon_placement=\u00bbleft\u00bb _builder_version=\u00bb3.0.87&#8243; background_size=\u00bbinitial\u00bb background_position=\u00bbtop_left\u00bb background_repeat=\u00bbrepeat\u00bb custom_margin=\u00bb||0px|\u00bb animation=\u00bboff\u00bb use_border_color=\u00bboff\u00bb border_color=\u00bb#ffffff\u00bb border_style=\u00bbsolid\u00bb]<\/p>\n<p><a href=\"\/archivos-estudio-villano-abogados\/estudio-villano-lawofthesea.pdf\" target=\"_blank\" rel=\"noopener\">VER PDF<\/a><\/p>\n<p>[\/et_pb_blurb][\/et_pb_column_inner][et_pb_column_inner type=\u00bb1_3&#8243; saved_specialty_column_type=\u00bb3_4&#8243;][et_pb_blurb url=\u00bb\/archivos-estudio-villano-abogados\/estudio-villano-lawofthesea.zip\u00bb url_new_window=\u00bbon\u00bb use_icon=\u00bbon\u00bb font_icon=\u00bb%%98%%\u00bb icon_color=\u00bb#039894&#8243; icon_placement=\u00bbleft\u00bb _builder_version=\u00bb3.0.87&#8243; background_size=\u00bbinitial\u00bb background_position=\u00bbtop_left\u00bb background_repeat=\u00bbrepeat\u00bb animation=\u00bboff\u00bb use_border_color=\u00bboff\u00bb border_color=\u00bb#ffffff\u00bb border_style=\u00bbsolid\u00bb]<\/p>\n<p><a href=\"\/archivos-estudio-villano-abogados\/estudio-villano-lawofthesea.zip\" target=\"_blank\" rel=\"noopener\">DESCARGAR<\/a><\/p>\n<p>[\/et_pb_blurb][\/et_pb_column_inner][et_pb_column_inner type=\u00bb1_3&#8243; saved_specialty_column_type=\u00bb3_4&#8243;][\/et_pb_column_inner][\/et_pb_row_inner][et_pb_row_inner admin_label=\u00bbFila\u00bb _builder_version=\u00bb3.0.47&#8243; background_size=\u00bbinitial\u00bb background_position=\u00bbtop_left\u00bb background_repeat=\u00bbrepeat\u00bb][et_pb_column_inner type=\u00bb4_4&#8243; saved_specialty_column_type=\u00bb3_4&#8243;][et_pb_divider color=\u00bb#cccccc\u00bb disabled_on=\u00bbon|on|off\u00bb _builder_version=\u00bb3.2&#8243; hide_on_mobile=\u00bbon\u00bb]<\/p>\n<p>&nbsp;<\/p>\n<p>[\/et_pb_divider][\/et_pb_column_inner][\/et_pb_row_inner][et_pb_row_inner admin_label=\u00bbFila\u00bb custom_padding=\u00bb||0px|\u00bb padding_mobile=\u00bboff\u00bb column_padding_mobile=\u00bbon\u00bb parallax_method_1=\u00bboff\u00bb _builder_version=\u00bb3.0.47&#8243;][et_pb_column_inner type=\u00bb4_4&#8243; saved_specialty_column_type=\u00bb3_4&#8243;][et_pb_text _builder_version=\u00bb3.0.87&#8243; background_size=\u00bbinitial\u00bb background_position=\u00bbtop_left\u00bb background_repeat=\u00bbrepeat\u00bb use_border_color=\u00bboff\u00bb border_color=\u00bb#ffffff\u00bb border_style=\u00bbsolid\u00bb]<\/p>\n<h4>Contaminaci\u00f3n de Aguas. Corte d&#8217; Apello di Milano. Italia.<br \/>\nRese\u00f1a de jurisprudencia italiana. United Nations Environment Programme. Contribuciones Doctrinarias sobre Derecho Ambiental en las Revistas Jur\u00eddicas argentinas.<br \/>\nEd. La Ley 1993, \u00abA\u00bb.<\/h4>\n<p>Por el\u00a0Dr. Julio C\u00e9sar Villano.<\/p>\n<p>[\/et_pb_text][\/et_pb_column_inner][\/et_pb_row_inner][et_pb_row_inner admin_label=\u00bbFila\u00bb _builder_version=\u00bb3.0.47&#8243; background_size=\u00bbinitial\u00bb background_position=\u00bbtop_left\u00bb background_repeat=\u00bbrepeat\u00bb][et_pb_column_inner type=\u00bb4_4&#8243; saved_specialty_column_type=\u00bb3_4&#8243;][et_pb_divider color=\u00bb#cccccc\u00bb disabled_on=\u00bbon|on|off\u00bb _builder_version=\u00bb3.2&#8243; hide_on_mobile=\u00bbon\u00bb]<\/p>\n<p>&nbsp;<\/p>\n<p>[\/et_pb_divider][\/et_pb_column_inner][\/et_pb_row_inner][et_pb_row_inner admin_label=\u00bbFila\u00bb custom_padding=\u00bb||0px|\u00bb padding_mobile=\u00bboff\u00bb column_padding_mobile=\u00bbon\u00bb parallax_method_1=\u00bboff\u00bb _builder_version=\u00bb3.0.47&#8243;][et_pb_column_inner type=\u00bb4_4&#8243; saved_specialty_column_type=\u00bb3_4&#8243;][et_pb_text _builder_version=\u00bb3.0.87&#8243; background_size=\u00bbinitial\u00bb background_position=\u00bbtop_left\u00bb background_repeat=\u00bbrepeat\u00bb use_border_color=\u00bboff\u00bb border_color=\u00bb#ffffff\u00bb border_style=\u00bbsolid\u00bb]<\/p>\n<h4>Nuevo C\u00f3digo Internacional de Seguridad Mar\u00edtima por el Dr. Julio C\u00e9sar Villano para el Suplemento Comercio Exterior del Diario La Naci\u00f3n, publicado el 08.03.03.<\/h4>\n<p>Por el\u00a0Dr. Julio C\u00e9sar Villano.<\/p>\n<p>[\/et_pb_text][\/et_pb_column_inner][\/et_pb_row_inner][et_pb_row_inner admin_label=\u00bbFila\u00bb custom_padding=\u00bb||0px|\u00bb padding_mobile=\u00bboff\u00bb column_padding_mobile=\u00bbon\u00bb parallax_method_1=\u00bboff\u00bb parallax_method_2=\u00bboff\u00bb parallax_method_3=\u00bboff\u00bb _builder_version=\u00bb3.0.47&#8243;][et_pb_column_inner type=\u00bb1_3&#8243; saved_specialty_column_type=\u00bb3_4&#8243;][et_pb_blurb url=\u00bbhttp:\/\/www.lanacion.com.ar\/486448-nuevo-codigo-internacional-de-seguridad-maritima\u00bb url_new_window=\u00bbon\u00bb use_icon=\u00bbon\u00bb font_icon=\u00bb%%51%%\u00bb icon_color=\u00bb#039894&#8243; icon_placement=\u00bbleft\u00bb _builder_version=\u00bb3.0.87&#8243; background_size=\u00bbinitial\u00bb background_position=\u00bbtop_left\u00bb background_repeat=\u00bbrepeat\u00bb custom_margin=\u00bb||0px|\u00bb animation=\u00bboff\u00bb use_border_color=\u00bboff\u00bb border_color=\u00bb#ffffff\u00bb border_style=\u00bbsolid\u00bb]<\/p>\n<p><a href=\"http:\/\/www.lanacion.com.ar\/486448-nuevo-codigo-internacional-de-seguridad-maritima\" target=\"_blank\" rel=\"noopener\">VER PUBLICACI\u00d3N ONLINE<\/a><\/p>\n<p>[\/et_pb_blurb][\/et_pb_column_inner][et_pb_column_inner type=\u00bb1_3&#8243; saved_specialty_column_type=\u00bb3_4&#8243;][\/et_pb_column_inner][et_pb_column_inner type=\u00bb1_3&#8243; saved_specialty_column_type=\u00bb3_4&#8243;][\/et_pb_column_inner][\/et_pb_row_inner][\/et_pb_column][et_pb_column type=\u00bb1_4&#8243;][et_pb_sidebar orientation=\u00bbright\u00bb area=\u00bbet_pb_widget_area_1&#8243; _builder_version=\u00bb3.0.74&#8243; remove_border=\u00bboff\u00bb]<\/p>\n<p>&nbsp;<\/p>\n<p>[\/et_pb_sidebar][\/et_pb_column][\/et_pb_section]<\/p>\n","protected":false},"excerpt":{"rendered":"<p>[et_pb_section bb_built=\u00bb1&#8243; custom_padding_last_edited=\u00bbon|desktop\u00bb _builder_version=\u00bb3.12.2&#8243; custom_padding=\u00bb5px|||\u00bb custom_padding_tablet=\u00bb50px|0|50px|0&#8243; custom_css_main_element=\u00bbborder-bottom: 2px solid #666;||padding: 0;\u00bb transparent_background=\u00bboff\u00bb next_background_color=\u00bb#dddddd\u00bb global_module=\u00bb663&#8243;][et_pb_row global_parent=\u00bb663&#8243; make_fullwidth=\u00bbon\u00bb use_custom_gutter=\u00bbon\u00bb gutter_width=\u00bb1&#8243; custom_padding=\u00bb0px|||\u00bb column_padding_mobile=\u00bbon\u00bb parallax_method_1=\u00bboff\u00bb parallax_method_2=\u00bboff\u00bb parallax_method_3=\u00bboff\u00bb _builder_version=\u00bb3.12.2&#8243; background_size=\u00bbinitial\u00bb background_position=\u00bbtop_left\u00bb background_repeat=\u00bbrepeat\u00bb custom_css_main_element=\u00bbborder-bottom: 3px solid #8E9D66;||padding: 0;\u00bb][et_pb_column type=\u00bb1_3&#8243;][et_pb_image global_parent=\u00bb663&#8243; src=\u00bbhttp:\/\/estudiovillano.com\/estudio\/wp-content\/uploads\/2017\/01\/encabezado-logo-martindale.jpg\u00bb url=\u00bbhttp:\/\/www.martindale.com\/\u00bb url_new_window=\u00bbon\u00bb show_bottom_space=\u00bboff\u00bb align=\u00bbcenter\u00bb _builder_version=\u00bb3.0.87&#8243; animation_style=\u00bbslide\u00bb animation_direction=\u00bbbottom\u00bb animation_duration=\u00bb500ms\u00bb animation_intensity_slide=\u00bb10%\u00bb use_border_color=\u00bboff\u00bb border_color=\u00bb#ffffff\u00bb border_style=\u00bbsolid\u00bb animation=\u00bbbottom\u00bb sticky=\u00bbon\u00bb] &nbsp; [\/et_pb_image][\/et_pb_column][et_pb_column type=\u00bb1_3&#8243;][et_pb_image global_parent=\u00bb663&#8243; src=\u00bbhttp:\/\/estudiovillano.com\/estudio\/wp-content\/uploads\/2017\/01\/encabezado-logo-globalipattorneys.jpg\u00bb url=\u00bbhttp:\/\/www.globalipattorneys.com\/\u00bb [&hellip;]<\/p>\n","protected":false},"author":3,"featured_media":0,"parent":0,"menu_order":32,"comment_status":"closed","ping_status":"closed","template":"","meta":{"footnotes":""},"class_list":["post-307","page","type-page","status-publish","hentry"],"_links":{"self":[{"href":"https:\/\/estudiovillano.com\/estudio\/wp-json\/wp\/v2\/pages\/307","targetHints":{"allow":["GET"]}}],"collection":[{"href":"https:\/\/estudiovillano.com\/estudio\/wp-json\/wp\/v2\/pages"}],"about":[{"href":"https:\/\/estudiovillano.com\/estudio\/wp-json\/wp\/v2\/types\/page"}],"author":[{"embeddable":true,"href":"https:\/\/estudiovillano.com\/estudio\/wp-json\/wp\/v2\/users\/3"}],"replies":[{"embeddable":true,"href":"https:\/\/estudiovillano.com\/estudio\/wp-json\/wp\/v2\/comments?post=307"}],"version-history":[{"count":35,"href":"https:\/\/estudiovillano.com\/estudio\/wp-json\/wp\/v2\/pages\/307\/revisions"}],"predecessor-version":[{"id":1127,"href":"https:\/\/estudiovillano.com\/estudio\/wp-json\/wp\/v2\/pages\/307\/revisions\/1127"}],"wp:attachment":[{"href":"https:\/\/estudiovillano.com\/estudio\/wp-json\/wp\/v2\/media?parent=307"}],"curies":[{"name":"wp","href":"https:\/\/api.w.org\/{rel}","templated":true}]}}